{"id":8374,"date":"2024-05-02T23:51:13","date_gmt":"2024-05-02T20:51:13","guid":{"rendered":"https:\/\/www.saly.com.tr\/wohnmobil\/cerion-vanus-640h\/"},"modified":"2024-07-20T15:44:03","modified_gmt":"2024-07-20T12:44:03","slug":"cerion-vanus-640h","status":"publish","type":"page","link":"https:\/\/www.saly.com.tr\/de\/kastenwagen-modelle\/cerion-vanus-640h\/","title":{"rendered":"Cerion Vanus 640H"},"content":{"rendered":"\t\t<div data-elementor-type=\"wp-page\" data-elementor-id=\"8374\" class=\"elementor elementor-8374 elementor-1415\" data-elementor-post-type=\"page\">\n\t\t\t\t<div class=\"elementor-element elementor-element-970fb65 e-con-full e-flex e-con e-parent\" data-id=\"970fb65\" data-element_type=\"container\" data-e-type=\"container\">\n\t\t\t\t<div class=\"elementor-element elementor-element-fc61ff8 elementor-widget elementor-widget-image\" data-id=\"fc61ff8\" data-element_type=\"widget\" data-e-type=\"widget\" data-widget_type=\"image.default\">\n\t\t\t\t<div class=\"elementor-widget-container\">\n\t\t\t\t\t\t\t\t\t\t\t\t\t\t\t<img decoding=\"async\" data-src=\"https:\/\/www.saly.com.tr\/wp-content\/uploads\/elementor\/thumbs\/SALY-Cerion-Vanus-640H-Camper-Van-6-scaled-r2xq06o2kwsru98ms0xcooyh6uek8e7pb9n1ngvfbs.jpg\" title=\"SALY Cerion Vanus 640H Camper Van 6\" alt=\"SALY Cerion Vanus 640H Camper Van 6\" src=\"data:image\/svg+xml;base64,PHN2ZyB3aWR0aD0iMSIgaGVpZ2h0PSIxIiB4bWxucz0iaHR0cDovL3d3dy53My5vcmcvMjAwMC9zdmciPjwvc3ZnPg==\" class=\"lazyload\" style=\"--smush-placeholder-width: 1920px; --smush-placeholder-aspect-ratio: 1920\/700;\" \/>\t\t\t\t\t\t\t\t\t\t\t\t\t\t\t<\/div>\n\t\t\t\t<\/div>\n\t\t\t\t<\/div>\n\t\t\t\t<section class=\"elementor-section elementor-top-section elementor-element elementor-element-ecd57e0 elementor-section-stretched elementor-section-full_width elementor-section-height-default elementor-section-height-default\" data-id=\"ecd57e0\" data-element_type=\"section\" data-e-type=\"section\" data-settings=\"{&quot;stretch_section&quot;:&quot;section-stretched&quot;}\">\n\t\t\t\t\t\t<div class=\"elementor-container elementor-column-gap-wider\">\n\t\t\t\t\t<div class=\"elementor-column elementor-col-100 elementor-top-column elementor-element elementor-element-f0900f8\" data-id=\"f0900f8\" data-element_type=\"column\" data-e-type=\"column\">\n\t\t\t<div class=\"elementor-widget-wrap elementor-element-populated\">\n\t\t\t\t\t\t<div class=\"elementor-element elementor-element-d85b764 elementor-widget elementor-widget-heading\" data-id=\"d85b764\" data-element_type=\"widget\" data-e-type=\"widget\" data-widget_type=\"heading.default\">\n\t\t\t\t<div class=\"elementor-widget-container\">\n\t\t\t\t\t<h3 class=\"elementor-heading-title elementor-size-default\">Cerion Vanus 640H<\/h3>\t\t\t\t<\/div>\n\t\t\t\t<\/div>\n\t\t\t\t<div class=\"elementor-element elementor-element-a8366d9 elementor-widget elementor-widget-text-editor\" data-id=\"a8366d9\" data-element_type=\"widget\" data-e-type=\"widget\" data-widget_type=\"text-editor.default\">\n\t\t\t\t<div class=\"elementor-widget-container\">\n\t\t\t\t\t\t\t\t\t<p>Der neue SALY Cerion Vanus 640H Camper Van, mit dem Sie bequem in der Stadt reisen k\u00f6nnen, der Ihnen auch auf schmalen Wegen keine Probleme bereitet, wenn es n\u00f6tig ist, und der eine individuelle Gestaltung erm\u00f6glicht, bietet seinen Besitzern einen hohen Fahr- und Kabinenkomfort.<\/p>\n<p>Unsere Wohnmobilmodelle, die mit speziellen Methoden, vollst\u00e4ndig handgefertigter Kabinenwandisolierung, detaillierten und erfahrungserprobten Designstudien und technologischer Innovationskraft hergestellt werden, begleiten jeden Nutzer, um die einzigartigen Natursch\u00f6nheiten auf seinen Reisen zu genie\u00dfen.<\/p>\n\t\t\t\t\t\t\t\t<\/div>\n\t\t\t\t<\/div>\n\t\t\t\t<div class=\"elementor-element elementor-element-98a967b elementor-widget elementor-widget-gallery\" data-id=\"98a967b\" data-element_type=\"widget\" data-e-type=\"widget\" data-settings=\"{&quot;lazyload&quot;:&quot;yes&quot;,&quot;gallery_layout&quot;:&quot;grid&quot;,&quot;columns&quot;:4,&quot;columns_tablet&quot;:2,&quot;columns_mobile&quot;:1,&quot;gap&quot;:{&quot;unit&quot;:&quot;px&quot;,&quot;size&quot;:10,&quot;sizes&quot;:[]},&quot;gap_tablet&quot;:{&quot;unit&quot;:&quot;px&quot;,&quot;size&quot;:10,&quot;sizes&quot;:[]},&quot;gap_mobile&quot;:{&quot;unit&quot;:&quot;px&quot;,&quot;size&quot;:10,&quot;sizes&quot;:[]},&quot;link_to&quot;:&quot;file&quot;,&quot;aspect_ratio&quot;:&quot;3:2&quot;,&quot;overlay_background&quot;:&quot;yes&quot;,&quot;content_hover_animation&quot;:&quot;fade-in&quot;}\" data-widget_type=\"gallery.default\">\n\t\t\t\t<div class=\"elementor-widget-container\">\n\t\t\t\t\t\t\t<div class=\"elementor-gallery__container\">\n\t\t\t\t\t\t\t<a class=\"e-gallery-item elementor-gallery-item elementor-animated-content\" href=\"https:\/\/www.saly.com.tr\/wp-content\/uploads\/2024\/04\/SALY-Cerion-Vanus-640H-Camper-Van-1-scaled.jpg\" data-elementor-open-lightbox=\"yes\" data-elementor-lightbox-slideshow=\"98a967b\" data-elementor-lightbox-title=\"SALY Cerion Vanus 640H Camper Van 1\" data-e-action-hash=\"#elementor-action%3Aaction%3Dlightbox%26settings%3DeyJpZCI6Mzg2NiwidXJsIjoiaHR0cHM6XC9cL3d3dy5zYWx5LmNvbS50clwvd3AtY29udGVudFwvdXBsb2Fkc1wvMjAyNFwvMDRcL1NBTFktQ2VyaW9uLVZhbnVzLTY0MEgtQ2FtcGVyLVZhbi0xLXNjYWxlZC5qcGciLCJzbGlkZXNob3ciOiI5OGE5NjdiIn0%3D\">\n\t\t\t\t\t<div class=\"e-gallery-image elementor-gallery-item__image\" data-thumbnail=\"https:\/\/www.saly.com.tr\/wp-content\/uploads\/2024\/04\/SALY-Cerion-Vanus-640H-Camper-Van-1-960x780.jpg\" data-width=\"960\" data-height=\"780\" aria-label=\"\" role=\"img\" ><\/div>\n\t\t\t\t\t\t\t\t\t\t\t<div class=\"elementor-gallery-item__overlay\"><\/div>\n\t\t\t\t\t\t\t\t\t\t\t\t\t\t<\/a>\n\t\t\t\t\t\t\t<a class=\"e-gallery-item elementor-gallery-item elementor-animated-content\" href=\"https:\/\/www.saly.com.tr\/wp-content\/uploads\/2024\/04\/SALY-Cerion-Vanus-640H-Camper-Van-2-scaled.jpg\" data-elementor-open-lightbox=\"yes\" data-elementor-lightbox-slideshow=\"98a967b\" data-elementor-lightbox-title=\"SALY Cerion Vanus 640H Camper Van 2\" data-e-action-hash=\"#elementor-action%3Aaction%3Dlightbox%26settings%3DeyJpZCI6Mzg3MSwidXJsIjoiaHR0cHM6XC9cL3d3dy5zYWx5LmNvbS50clwvd3AtY29udGVudFwvdXBsb2Fkc1wvMjAyNFwvMDRcL1NBTFktQ2VyaW9uLVZhbnVzLTY0MEgtQ2FtcGVyLVZhbi0yLXNjYWxlZC5qcGciLCJzbGlkZXNob3ciOiI5OGE5NjdiIn0%3D\">\n\t\t\t\t\t<div class=\"e-gallery-image elementor-gallery-item__image\" data-thumbnail=\"https:\/\/www.saly.com.tr\/wp-content\/uploads\/2024\/04\/SALY-Cerion-Vanus-640H-Camper-Van-2-960x780.jpg\" data-width=\"960\" data-height=\"780\" aria-label=\"\" role=\"img\" ><\/div>\n\t\t\t\t\t\t\t\t\t\t\t<div class=\"elementor-gallery-item__overlay\"><\/div>\n\t\t\t\t\t\t\t\t\t\t\t\t\t\t<\/a>\n\t\t\t\t\t\t\t<a class=\"e-gallery-item elementor-gallery-item elementor-animated-content\" href=\"https:\/\/www.saly.com.tr\/wp-content\/uploads\/2024\/04\/SALY-Cerion-Vanus-640H-Camper-Van-6-scaled.jpg\" data-elementor-open-lightbox=\"yes\" data-elementor-lightbox-slideshow=\"98a967b\" data-elementor-lightbox-title=\"SALY Cerion Vanus 640H Camper Van 6\" data-e-action-hash=\"#elementor-action%3Aaction%3Dlightbox%26settings%3DeyJpZCI6Mzg5MSwidXJsIjoiaHR0cHM6XC9cL3d3dy5zYWx5LmNvbS50clwvd3AtY29udGVudFwvdXBsb2Fkc1wvMjAyNFwvMDRcL1NBTFktQ2VyaW9uLVZhbnVzLTY0MEgtQ2FtcGVyLVZhbi02LXNjYWxlZC5qcGciLCJzbGlkZXNob3ciOiI5OGE5NjdiIn0%3D\">\n\t\t\t\t\t<div class=\"e-gallery-image elementor-gallery-item__image\" data-thumbnail=\"https:\/\/www.saly.com.tr\/wp-content\/uploads\/2024\/04\/SALY-Cerion-Vanus-640H-Camper-Van-6-960x780.jpg\" data-width=\"960\" data-height=\"780\" aria-label=\"\" role=\"img\" ><\/div>\n\t\t\t\t\t\t\t\t\t\t\t<div class=\"elementor-gallery-item__overlay\"><\/div>\n\t\t\t\t\t\t\t\t\t\t\t\t\t\t<\/a>\n\t\t\t\t\t\t\t<a class=\"e-gallery-item elementor-gallery-item elementor-animated-content\" href=\"https:\/\/www.saly.com.tr\/wp-content\/uploads\/2024\/04\/SALY-Cerion-Vanus-640H-Camper-Van-3-scaled.jpg\" data-elementor-open-lightbox=\"yes\" data-elementor-lightbox-slideshow=\"98a967b\" data-elementor-lightbox-title=\"SALY Cerion Vanus 640H Camper Van 3\" data-e-action-hash=\"#elementor-action%3Aaction%3Dlightbox%26settings%3DeyJpZCI6Mzg3NiwidXJsIjoiaHR0cHM6XC9cL3d3dy5zYWx5LmNvbS50clwvd3AtY29udGVudFwvdXBsb2Fkc1wvMjAyNFwvMDRcL1NBTFktQ2VyaW9uLVZhbnVzLTY0MEgtQ2FtcGVyLVZhbi0zLXNjYWxlZC5qcGciLCJzbGlkZXNob3ciOiI5OGE5NjdiIn0%3D\">\n\t\t\t\t\t<div class=\"e-gallery-image elementor-gallery-item__image\" data-thumbnail=\"https:\/\/www.saly.com.tr\/wp-content\/uploads\/2024\/04\/SALY-Cerion-Vanus-640H-Camper-Van-3-960x780.jpg\" data-width=\"960\" data-height=\"780\" aria-label=\"\" role=\"img\" ><\/div>\n\t\t\t\t\t\t\t\t\t\t\t<div class=\"elementor-gallery-item__overlay\"><\/div>\n\t\t\t\t\t\t\t\t\t\t\t\t\t\t<\/a>\n\t\t\t\t\t\t\t<a class=\"e-gallery-item elementor-gallery-item elementor-animated-content\" href=\"https:\/\/www.saly.com.tr\/wp-content\/uploads\/2024\/04\/SALY-Cerion-Vanus-640H-Camper-Van-5-scaled.jpg\" data-elementor-open-lightbox=\"yes\" data-elementor-lightbox-slideshow=\"98a967b\" data-elementor-lightbox-title=\"SALY Cerion Vanus 640H Camper Van 5\" data-e-action-hash=\"#elementor-action%3Aaction%3Dlightbox%26settings%3DeyJpZCI6Mzg4NiwidXJsIjoiaHR0cHM6XC9cL3d3dy5zYWx5LmNvbS50clwvd3AtY29udGVudFwvdXBsb2Fkc1wvMjAyNFwvMDRcL1NBTFktQ2VyaW9uLVZhbnVzLTY0MEgtQ2FtcGVyLVZhbi01LXNjYWxlZC5qcGciLCJzbGlkZXNob3ciOiI5OGE5NjdiIn0%3D\">\n\t\t\t\t\t<div class=\"e-gallery-image elementor-gallery-item__image\" data-thumbnail=\"https:\/\/www.saly.com.tr\/wp-content\/uploads\/2024\/04\/SALY-Cerion-Vanus-640H-Camper-Van-5-960x780.jpg\" data-width=\"960\" data-height=\"780\" aria-label=\"\" role=\"img\" ><\/div>\n\t\t\t\t\t\t\t\t\t\t\t<div class=\"elementor-gallery-item__overlay\"><\/div>\n\t\t\t\t\t\t\t\t\t\t\t\t\t\t<\/a>\n\t\t\t\t\t\t\t<a class=\"e-gallery-item elementor-gallery-item elementor-animated-content\" href=\"https:\/\/www.saly.com.tr\/wp-content\/uploads\/2024\/04\/SALY-Cerion-Vanus-640H-Camper-Van-9-scaled.jpg\" data-elementor-open-lightbox=\"yes\" data-elementor-lightbox-slideshow=\"98a967b\" data-elementor-lightbox-title=\"SALY Cerion Vanus 640H Camper Van 9\" data-e-action-hash=\"#elementor-action%3Aaction%3Dlightbox%26settings%3DeyJpZCI6MzkwNiwidXJsIjoiaHR0cHM6XC9cL3d3dy5zYWx5LmNvbS50clwvd3AtY29udGVudFwvdXBsb2Fkc1wvMjAyNFwvMDRcL1NBTFktQ2VyaW9uLVZhbnVzLTY0MEgtQ2FtcGVyLVZhbi05LXNjYWxlZC5qcGciLCJzbGlkZXNob3ciOiI5OGE5NjdiIn0%3D\">\n\t\t\t\t\t<div class=\"e-gallery-image elementor-gallery-item__image\" data-thumbnail=\"https:\/\/www.saly.com.tr\/wp-content\/uploads\/2024\/04\/SALY-Cerion-Vanus-640H-Camper-Van-9-960x780.jpg\" data-width=\"960\" data-height=\"780\" aria-label=\"\" role=\"img\" ><\/div>\n\t\t\t\t\t\t\t\t\t\t\t<div class=\"elementor-gallery-item__overlay\"><\/div>\n\t\t\t\t\t\t\t\t\t\t\t\t\t\t<\/a>\n\t\t\t\t\t\t\t<a class=\"e-gallery-item elementor-gallery-item elementor-animated-content\" href=\"https:\/\/www.saly.com.tr\/wp-content\/uploads\/2024\/04\/SALY-Cerion-Vanus-640H-Camper-Van-7-scaled.jpg\" data-elementor-open-lightbox=\"yes\" data-elementor-lightbox-slideshow=\"98a967b\" data-elementor-lightbox-title=\"SALY Cerion Vanus 640H Camper Van 7\" data-e-action-hash=\"#elementor-action%3Aaction%3Dlightbox%26settings%3DeyJpZCI6Mzg5NiwidXJsIjoiaHR0cHM6XC9cL3d3dy5zYWx5LmNvbS50clwvd3AtY29udGVudFwvdXBsb2Fkc1wvMjAyNFwvMDRcL1NBTFktQ2VyaW9uLVZhbnVzLTY0MEgtQ2FtcGVyLVZhbi03LXNjYWxlZC5qcGciLCJzbGlkZXNob3ciOiI5OGE5NjdiIn0%3D\">\n\t\t\t\t\t<div class=\"e-gallery-image elementor-gallery-item__image\" data-thumbnail=\"https:\/\/www.saly.com.tr\/wp-content\/uploads\/2024\/04\/SALY-Cerion-Vanus-640H-Camper-Van-7-960x780.jpg\" data-width=\"960\" data-height=\"780\" aria-label=\"\" role=\"img\" ><\/div>\n\t\t\t\t\t\t\t\t\t\t\t<div class=\"elementor-gallery-item__overlay\"><\/div>\n\t\t\t\t\t\t\t\t\t\t\t\t\t\t<\/a>\n\t\t\t\t\t\t\t<a class=\"e-gallery-item elementor-gallery-item elementor-animated-content\" href=\"https:\/\/www.saly.com.tr\/wp-content\/uploads\/2024\/04\/SALY-Cerion-Vanus-640H-Camper-Van-8-scaled.jpg\" data-elementor-open-lightbox=\"yes\" data-elementor-lightbox-slideshow=\"98a967b\" data-elementor-lightbox-title=\"SALY Cerion Vanus 640H Camper Van 8\" data-e-action-hash=\"#elementor-action%3Aaction%3Dlightbox%26settings%3DeyJpZCI6MzkwMSwidXJsIjoiaHR0cHM6XC9cL3d3dy5zYWx5LmNvbS50clwvd3AtY29udGVudFwvdXBsb2Fkc1wvMjAyNFwvMDRcL1NBTFktQ2VyaW9uLVZhbnVzLTY0MEgtQ2FtcGVyLVZhbi04LXNjYWxlZC5qcGciLCJzbGlkZXNob3ciOiI5OGE5NjdiIn0%3D\">\n\t\t\t\t\t<div class=\"e-gallery-image elementor-gallery-item__image\" data-thumbnail=\"https:\/\/www.saly.com.tr\/wp-content\/uploads\/2024\/04\/SALY-Cerion-Vanus-640H-Camper-Van-8-960x780.jpg\" data-width=\"960\" data-height=\"780\" aria-label=\"\" role=\"img\" ><\/div>\n\t\t\t\t\t\t\t\t\t\t\t<div class=\"elementor-gallery-item__overlay\"><\/div>\n\t\t\t\t\t\t\t\t\t\t\t\t\t\t<\/a>\n\t\t\t\t\t\t\t<a class=\"e-gallery-item elementor-gallery-item elementor-animated-content\" href=\"https:\/\/www.saly.com.tr\/wp-content\/uploads\/2024\/04\/SALY-Cerion-Vanus-640H-Camper-Van-21-scaled.jpg\" data-elementor-open-lightbox=\"yes\" data-elementor-lightbox-slideshow=\"98a967b\" data-elementor-lightbox-title=\"SALY Cerion Vanus 640H Camper Van 21\" data-e-action-hash=\"#elementor-action%3Aaction%3Dlightbox%26settings%3DeyJpZCI6Mzk2NiwidXJsIjoiaHR0cHM6XC9cL3d3dy5zYWx5LmNvbS50clwvd3AtY29udGVudFwvdXBsb2Fkc1wvMjAyNFwvMDRcL1NBTFktQ2VyaW9uLVZhbnVzLTY0MEgtQ2FtcGVyLVZhbi0yMS1zY2FsZWQuanBnIiwic2xpZGVzaG93IjoiOThhOTY3YiJ9\">\n\t\t\t\t\t<div class=\"e-gallery-image elementor-gallery-item__image\" data-thumbnail=\"https:\/\/www.saly.com.tr\/wp-content\/uploads\/2024\/04\/SALY-Cerion-Vanus-640H-Camper-Van-21-960x780.jpg\" data-width=\"960\" data-height=\"780\" aria-label=\"\" role=\"img\" ><\/div>\n\t\t\t\t\t\t\t\t\t\t\t<div class=\"elementor-gallery-item__overlay\"><\/div>\n\t\t\t\t\t\t\t\t\t\t\t\t\t\t<\/a>\n\t\t\t\t\t\t\t<a class=\"e-gallery-item elementor-gallery-item elementor-animated-content\" href=\"https:\/\/www.saly.com.tr\/wp-content\/uploads\/2024\/04\/SALY-Cerion-Vanus-640H-Camper-Van-16-scaled.jpg\" data-elementor-open-lightbox=\"yes\" data-elementor-lightbox-slideshow=\"98a967b\" data-elementor-lightbox-title=\"SALY Cerion Vanus 640H Camper Van 16\" data-e-action-hash=\"#elementor-action%3Aaction%3Dlightbox%26settings%3DeyJpZCI6Mzk0MSwidXJsIjoiaHR0cHM6XC9cL3d3dy5zYWx5LmNvbS50clwvd3AtY29udGVudFwvdXBsb2Fkc1wvMjAyNFwvMDRcL1NBTFktQ2VyaW9uLVZhbnVzLTY0MEgtQ2FtcGVyLVZhbi0xNi1zY2FsZWQuanBnIiwic2xpZGVzaG93IjoiOThhOTY3YiJ9\">\n\t\t\t\t\t<div class=\"e-gallery-image elementor-gallery-item__image\" data-thumbnail=\"https:\/\/www.saly.com.tr\/wp-content\/uploads\/2024\/04\/SALY-Cerion-Vanus-640H-Camper-Van-16-960x780.jpg\" data-width=\"960\" data-height=\"780\" aria-label=\"\" role=\"img\" ><\/div>\n\t\t\t\t\t\t\t\t\t\t\t<div class=\"elementor-gallery-item__overlay\"><\/div>\n\t\t\t\t\t\t\t\t\t\t\t\t\t\t<\/a>\n\t\t\t\t\t\t\t<a class=\"e-gallery-item elementor-gallery-item elementor-animated-content\" href=\"https:\/\/www.saly.com.tr\/wp-content\/uploads\/2024\/04\/SALY-Cerion-Vanus-640H-Camper-Van-15-scaled.jpg\" data-elementor-open-lightbox=\"yes\" data-elementor-lightbox-slideshow=\"98a967b\" data-elementor-lightbox-title=\"SALY Cerion Vanus 640H Camper Van 15\" data-e-action-hash=\"#elementor-action%3Aaction%3Dlightbox%26settings%3DeyJpZCI6MzkzNiwidXJsIjoiaHR0cHM6XC9cL3d3dy5zYWx5LmNvbS50clwvd3AtY29udGVudFwvdXBsb2Fkc1wvMjAyNFwvMDRcL1NBTFktQ2VyaW9uLVZhbnVzLTY0MEgtQ2FtcGVyLVZhbi0xNS1zY2FsZWQuanBnIiwic2xpZGVzaG93IjoiOThhOTY3YiJ9\">\n\t\t\t\t\t<div class=\"e-gallery-image elementor-gallery-item__image\" data-thumbnail=\"https:\/\/www.saly.com.tr\/wp-content\/uploads\/2024\/04\/SALY-Cerion-Vanus-640H-Camper-Van-15-960x780.jpg\" data-width=\"960\" data-height=\"780\" aria-label=\"\" role=\"img\" ><\/div>\n\t\t\t\t\t\t\t\t\t\t\t<div class=\"elementor-gallery-item__overlay\"><\/div>\n\t\t\t\t\t\t\t\t\t\t\t\t\t\t<\/a>\n\t\t\t\t\t\t\t<a class=\"e-gallery-item elementor-gallery-item elementor-animated-content\" href=\"https:\/\/www.saly.com.tr\/wp-content\/uploads\/2024\/04\/SALY-Cerion-Vanus-640H-Camper-Van-14-scaled.jpg\" data-elementor-open-lightbox=\"yes\" data-elementor-lightbox-slideshow=\"98a967b\" data-elementor-lightbox-title=\"SALY Cerion Vanus 640H Camper Van 14\" data-e-action-hash=\"#elementor-action%3Aaction%3Dlightbox%26settings%3DeyJpZCI6MzkzMSwidXJsIjoiaHR0cHM6XC9cL3d3dy5zYWx5LmNvbS50clwvd3AtY29udGVudFwvdXBsb2Fkc1wvMjAyNFwvMDRcL1NBTFktQ2VyaW9uLVZhbnVzLTY0MEgtQ2FtcGVyLVZhbi0xNC1zY2FsZWQuanBnIiwic2xpZGVzaG93IjoiOThhOTY3YiJ9\">\n\t\t\t\t\t<div class=\"e-gallery-image elementor-gallery-item__image\" data-thumbnail=\"https:\/\/www.saly.com.tr\/wp-content\/uploads\/2024\/04\/SALY-Cerion-Vanus-640H-Camper-Van-14-960x780.jpg\" data-width=\"960\" data-height=\"780\" aria-label=\"\" role=\"img\" ><\/div>\n\t\t\t\t\t\t\t\t\t\t\t<div class=\"elementor-gallery-item__overlay\"><\/div>\n\t\t\t\t\t\t\t\t\t\t\t\t\t\t<\/a>\n\t\t\t\t\t\t\t<a class=\"e-gallery-item elementor-gallery-item elementor-animated-content\" href=\"https:\/\/www.saly.com.tr\/wp-content\/uploads\/2024\/04\/SALY-Cerion-Vanus-640H-Camper-Van-13-scaled.jpg\" data-elementor-open-lightbox=\"yes\" data-elementor-lightbox-slideshow=\"98a967b\" data-elementor-lightbox-title=\"SALY Cerion Vanus 640H Camper Van 13\" data-e-action-hash=\"#elementor-action%3Aaction%3Dlightbox%26settings%3DeyJpZCI6MzkyNiwidXJsIjoiaHR0cHM6XC9cL3d3dy5zYWx5LmNvbS50clwvd3AtY29udGVudFwvdXBsb2Fkc1wvMjAyNFwvMDRcL1NBTFktQ2VyaW9uLVZhbnVzLTY0MEgtQ2FtcGVyLVZhbi0xMy1zY2FsZWQuanBnIiwic2xpZGVzaG93IjoiOThhOTY3YiJ9\">\n\t\t\t\t\t<div class=\"e-gallery-image elementor-gallery-item__image\" data-thumbnail=\"https:\/\/www.saly.com.tr\/wp-content\/uploads\/2024\/04\/SALY-Cerion-Vanus-640H-Camper-Van-13-960x780.jpg\" data-width=\"960\" data-height=\"780\" aria-label=\"\" role=\"img\" ><\/div>\n\t\t\t\t\t\t\t\t\t\t\t<div class=\"elementor-gallery-item__overlay\"><\/div>\n\t\t\t\t\t\t\t\t\t\t\t\t\t\t<\/a>\n\t\t\t\t\t\t\t<a class=\"e-gallery-item elementor-gallery-item elementor-animated-content\" href=\"https:\/\/www.saly.com.tr\/wp-content\/uploads\/2024\/04\/SALY-Cerion-Vanus-640H-Camper-Van-12-scaled.jpg\" data-elementor-open-lightbox=\"yes\" data-elementor-lightbox-slideshow=\"98a967b\" data-elementor-lightbox-title=\"SALY Cerion Vanus 640H Camper Van 12\" data-e-action-hash=\"#elementor-action%3Aaction%3Dlightbox%26settings%3DeyJpZCI6MzkyMSwidXJsIjoiaHR0cHM6XC9cL3d3dy5zYWx5LmNvbS50clwvd3AtY29udGVudFwvdXBsb2Fkc1wvMjAyNFwvMDRcL1NBTFktQ2VyaW9uLVZhbnVzLTY0MEgtQ2FtcGVyLVZhbi0xMi1zY2FsZWQuanBnIiwic2xpZGVzaG93IjoiOThhOTY3YiJ9\">\n\t\t\t\t\t<div class=\"e-gallery-image elementor-gallery-item__image\" data-thumbnail=\"https:\/\/www.saly.com.tr\/wp-content\/uploads\/2024\/04\/SALY-Cerion-Vanus-640H-Camper-Van-12-960x780.jpg\" data-width=\"960\" data-height=\"780\" aria-label=\"\" role=\"img\" ><\/div>\n\t\t\t\t\t\t\t\t\t\t\t<div class=\"elementor-gallery-item__overlay\"><\/div>\n\t\t\t\t\t\t\t\t\t\t\t\t\t\t<\/a>\n\t\t\t\t\t\t\t<a class=\"e-gallery-item elementor-gallery-item elementor-animated-content\" href=\"https:\/\/www.saly.com.tr\/wp-content\/uploads\/2024\/04\/SALY-Cerion-Vanus-640H-Camper-Van-22-scaled.jpg\" data-elementor-open-lightbox=\"yes\" data-elementor-lightbox-slideshow=\"98a967b\" data-elementor-lightbox-title=\"SALY Cerion Vanus 640H Camper Van 22\" data-e-action-hash=\"#elementor-action%3Aaction%3Dlightbox%26settings%3DeyJpZCI6Mzk3MSwidXJsIjoiaHR0cHM6XC9cL3d3dy5zYWx5LmNvbS50clwvd3AtY29udGVudFwvdXBsb2Fkc1wvMjAyNFwvMDRcL1NBTFktQ2VyaW9uLVZhbnVzLTY0MEgtQ2FtcGVyLVZhbi0yMi1zY2FsZWQuanBnIiwic2xpZGVzaG93IjoiOThhOTY3YiJ9\">\n\t\t\t\t\t<div class=\"e-gallery-image elementor-gallery-item__image\" data-thumbnail=\"https:\/\/www.saly.com.tr\/wp-content\/uploads\/2024\/04\/SALY-Cerion-Vanus-640H-Camper-Van-22-960x780.jpg\" data-width=\"960\" data-height=\"780\" aria-label=\"\" role=\"img\" ><\/div>\n\t\t\t\t\t\t\t\t\t\t\t<div class=\"elementor-gallery-item__overlay\"><\/div>\n\t\t\t\t\t\t\t\t\t\t\t\t\t\t<\/a>\n\t\t\t\t\t\t\t<a class=\"e-gallery-item elementor-gallery-item elementor-animated-content\" href=\"https:\/\/www.saly.com.tr\/wp-content\/uploads\/2024\/04\/SALY-Cerion-Vanus-640H-Camper-Van-23-scaled.jpg\" data-elementor-open-lightbox=\"yes\" data-elementor-lightbox-slideshow=\"98a967b\" data-elementor-lightbox-title=\"SALY Cerion Vanus 640H Camper Van 23\" data-e-action-hash=\"#elementor-action%3Aaction%3Dlightbox%26settings%3DeyJpZCI6Mzk3NiwidXJsIjoiaHR0cHM6XC9cL3d3dy5zYWx5LmNvbS50clwvd3AtY29udGVudFwvdXBsb2Fkc1wvMjAyNFwvMDRcL1NBTFktQ2VyaW9uLVZhbnVzLTY0MEgtQ2FtcGVyLVZhbi0yMy1zY2FsZWQuanBnIiwic2xpZGVzaG93IjoiOThhOTY3YiJ9\">\n\t\t\t\t\t<div class=\"e-gallery-image elementor-gallery-item__image\" data-thumbnail=\"https:\/\/www.saly.com.tr\/wp-content\/uploads\/2024\/04\/SALY-Cerion-Vanus-640H-Camper-Van-23-960x780.jpg\" data-width=\"960\" data-height=\"780\" aria-label=\"\" role=\"img\" ><\/div>\n\t\t\t\t\t\t\t\t\t\t\t<div class=\"elementor-gallery-item__overlay\"><\/div>\n\t\t\t\t\t\t\t\t\t\t\t\t\t\t<\/a>\n\t\t\t\t\t\t\t<a class=\"e-gallery-item elementor-gallery-item elementor-animated-content\" href=\"https:\/\/www.saly.com.tr\/wp-content\/uploads\/2024\/04\/SALY-Cerion-Vanus-640H-Camper-Van-20-scaled.jpg\" data-elementor-open-lightbox=\"yes\" data-elementor-lightbox-slideshow=\"98a967b\" data-elementor-lightbox-title=\"SALY Cerion Vanus 640H Camper Van 20\" data-e-action-hash=\"#elementor-action%3Aaction%3Dlightbox%26settings%3DeyJpZCI6Mzk2MSwidXJsIjoiaHR0cHM6XC9cL3d3dy5zYWx5LmNvbS50clwvd3AtY29udGVudFwvdXBsb2Fkc1wvMjAyNFwvMDRcL1NBTFktQ2VyaW9uLVZhbnVzLTY0MEgtQ2FtcGVyLVZhbi0yMC1zY2FsZWQuanBnIiwic2xpZGVzaG93IjoiOThhOTY3YiJ9\">\n\t\t\t\t\t<div class=\"e-gallery-image elementor-gallery-item__image\" data-thumbnail=\"https:\/\/www.saly.com.tr\/wp-content\/uploads\/2024\/04\/SALY-Cerion-Vanus-640H-Camper-Van-20-960x780.jpg\" data-width=\"960\" data-height=\"780\" aria-label=\"\" role=\"img\" ><\/div>\n\t\t\t\t\t\t\t\t\t\t\t<div class=\"elementor-gallery-item__overlay\"><\/div>\n\t\t\t\t\t\t\t\t\t\t\t\t\t\t<\/a>\n\t\t\t\t\t\t\t<a class=\"e-gallery-item elementor-gallery-item elementor-animated-content\" href=\"https:\/\/www.saly.com.tr\/wp-content\/uploads\/2024\/04\/SALY-Cerion-Vanus-640H-Camper-Van-19-scaled.jpg\" data-elementor-open-lightbox=\"yes\" data-elementor-lightbox-slideshow=\"98a967b\" data-elementor-lightbox-title=\"SALY Cerion Vanus 640H Camper Van 19\" data-e-action-hash=\"#elementor-action%3Aaction%3Dlightbox%26settings%3DeyJpZCI6Mzk1NiwidXJsIjoiaHR0cHM6XC9cL3d3dy5zYWx5LmNvbS50clwvd3AtY29udGVudFwvdXBsb2Fkc1wvMjAyNFwvMDRcL1NBTFktQ2VyaW9uLVZhbnVzLTY0MEgtQ2FtcGVyLVZhbi0xOS1zY2FsZWQuanBnIiwic2xpZGVzaG93IjoiOThhOTY3YiJ9\">\n\t\t\t\t\t<div class=\"e-gallery-image elementor-gallery-item__image\" data-thumbnail=\"https:\/\/www.saly.com.tr\/wp-content\/uploads\/2024\/04\/SALY-Cerion-Vanus-640H-Camper-Van-19-960x780.jpg\" data-width=\"960\" data-height=\"780\" aria-label=\"\" role=\"img\" ><\/div>\n\t\t\t\t\t\t\t\t\t\t\t<div class=\"elementor-gallery-item__overlay\"><\/div>\n\t\t\t\t\t\t\t\t\t\t\t\t\t\t<\/a>\n\t\t\t\t\t\t\t<a class=\"e-gallery-item elementor-gallery-item elementor-animated-content\" href=\"https:\/\/www.saly.com.tr\/wp-content\/uploads\/2024\/04\/SALY-Cerion-Vanus-640H-Camper-Van-18-scaled.jpg\" data-elementor-open-lightbox=\"yes\" data-elementor-lightbox-slideshow=\"98a967b\" data-elementor-lightbox-title=\"SALY Cerion Vanus 640H Camper Van 18\" data-e-action-hash=\"#elementor-action%3Aaction%3Dlightbox%26settings%3DeyJpZCI6Mzk1MSwidXJsIjoiaHR0cHM6XC9cL3d3dy5zYWx5LmNvbS50clwvd3AtY29udGVudFwvdXBsb2Fkc1wvMjAyNFwvMDRcL1NBTFktQ2VyaW9uLVZhbnVzLTY0MEgtQ2FtcGVyLVZhbi0xOC1zY2FsZWQuanBnIiwic2xpZGVzaG93IjoiOThhOTY3YiJ9\">\n\t\t\t\t\t<div class=\"e-gallery-image elementor-gallery-item__image\" data-thumbnail=\"https:\/\/www.saly.com.tr\/wp-content\/uploads\/2024\/04\/SALY-Cerion-Vanus-640H-Camper-Van-18-960x780.jpg\" data-width=\"960\" data-height=\"780\" aria-label=\"\" role=\"img\" ><\/div>\n\t\t\t\t\t\t\t\t\t\t\t<div class=\"elementor-gallery-item__overlay\"><\/div>\n\t\t\t\t\t\t\t\t\t\t\t\t\t\t<\/a>\n\t\t\t\t\t\t\t<a class=\"e-gallery-item elementor-gallery-item elementor-animated-content\" href=\"https:\/\/www.saly.com.tr\/wp-content\/uploads\/2024\/04\/SALY-Cerion-Vanus-640H-Camper-Van-10-scaled.jpg\" data-elementor-open-lightbox=\"yes\" data-elementor-lightbox-slideshow=\"98a967b\" data-elementor-lightbox-title=\"SALY Cerion Vanus 640H Camper Van 10\" data-e-action-hash=\"#elementor-action%3Aaction%3Dlightbox%26settings%3DeyJpZCI6MzkxMSwidXJsIjoiaHR0cHM6XC9cL3d3dy5zYWx5LmNvbS50clwvd3AtY29udGVudFwvdXBsb2Fkc1wvMjAyNFwvMDRcL1NBTFktQ2VyaW9uLVZhbnVzLTY0MEgtQ2FtcGVyLVZhbi0xMC1zY2FsZWQuanBnIiwic2xpZGVzaG93IjoiOThhOTY3YiJ9\">\n\t\t\t\t\t<div class=\"e-gallery-image elementor-gallery-item__image\" data-thumbnail=\"https:\/\/www.saly.com.tr\/wp-content\/uploads\/2024\/04\/SALY-Cerion-Vanus-640H-Camper-Van-10-960x780.jpg\" data-width=\"960\" data-height=\"780\" aria-label=\"\" role=\"img\" ><\/div>\n\t\t\t\t\t\t\t\t\t\t\t<div class=\"elementor-gallery-item__overlay\"><\/div>\n\t\t\t\t\t\t\t\t\t\t\t\t\t\t<\/a>\n\t\t\t\t\t<\/div>\n\t\t\t\t\t<\/div>\n\t\t\t\t<\/div>\n\t\t<div class=\"elementor-element elementor-element-72294fe e-flex e-con-boxed e-con e-parent\" data-id=\"72294fe\" data-element_type=\"container\" data-e-type=\"container\">\n\t\t\t\t\t<div class=\"e-con-inner\">\n\t\t\t\t<div class=\"elementor-element elementor-element-17deb2e elementor-widget elementor-widget-heading\" data-id=\"17deb2e\" data-element_type=\"widget\" data-e-type=\"widget\" data-widget_type=\"heading.default\">\n\t\t\t\t<div class=\"elementor-widget-container\">\n\t\t\t\t\t<h4 class=\"elementor-heading-title elementor-size-default\">Cerion Vanus 640H Wohnmobil Video<\/h4>\t\t\t\t<\/div>\n\t\t\t\t<\/div>\n\t\t\t\t<div class=\"elementor-element elementor-element-e6cd29a elementor-widget elementor-widget-video\" data-id=\"e6cd29a\" data-element_type=\"widget\" data-e-type=\"widget\" data-settings=\"{&quot;youtube_url&quot;:&quot;https:\\\/\\\/youtu.be\\\/Em6veJLMi1A?si=QFJ6-hiVRImRoXI1&quot;,&quot;autoplay&quot;:&quot;yes&quot;,&quot;play_on_mobile&quot;:&quot;yes&quot;,&quot;video_type&quot;:&quot;youtube&quot;,&quot;controls&quot;:&quot;yes&quot;}\" data-widget_type=\"video.default\">\n\t\t\t\t<div class=\"elementor-widget-container\">\n\t\t\t\t\t\t\t<div class=\"elementor-wrapper elementor-open-inline\">\n\t\t\t<div class=\"elementor-video\"><\/div>\t\t<\/div>\n\t\t\t\t\t\t<\/div>\n\t\t\t\t<\/div>\n\t\t\t\t<div class=\"elementor-element elementor-element-4277cba elementor-widget elementor-widget-heading\" data-id=\"4277cba\" data-element_type=\"widget\" data-e-type=\"widget\" data-widget_type=\"heading.default\">\n\t\t\t\t<div class=\"elementor-widget-container\">\n\t\t\t\t\t<h4 class=\"elementor-heading-title elementor-size-default\">Cerion Vanus 640H Serienausstattung<\/h4>\t\t\t\t<\/div>\n\t\t\t\t<\/div>\n\t\t\t\t<div class=\"elementor-element elementor-element-a724466 elementor-widget elementor-widget-text-editor\" data-id=\"a724466\" data-element_type=\"widget\" data-e-type=\"widget\" data-widget_type=\"text-editor.default\">\n\t\t\t\t<div class=\"elementor-widget-container\">\n\t\t\t\t\t\t\t\t\t<table cellspacing=\"0\" cellpadding=\"0\">\n<tbody>\n<tr>\n<td valign=\"middle\">\n<p><span style=\"color: #000000; font-family: Outfit; font-size: large;\"><b>Fahrzeug-Optionen<\/b><\/span><\/p>\n<\/td>\n<td valign=\"middle\">\n<p><span style=\"color: #000000; font-family: Outfit; font-size: large;\">Ford Transit, Fiat Ducato, Peugeot Boxer, IVECO Daily, Renault Master, Mercedes Sprinter, Citroen Jumper, VW Crafter, MAN TGE (Wir empfehlen, dass Sie sich zuerst bei uns nach dem f\u00fcr das Modell geeigneten Fahrzeug erkundigen)<\/span><\/p>\n<\/td>\n<\/tr>\n<tr>\n<td rowspan=\"2\" valign=\"middle\">\n<p><span style=\"color: #000000; font-family: Outfit; font-size: large;\"><b>Bett Bereich<\/b><\/span><\/p>\n<\/td>\n<td valign=\"middle\">\n<p><span style=\"color: #000000; font-family: Outfit; font-size: large;\">Bett f\u00fcr 2 Personen<\/span><\/p>\n<\/td>\n<\/tr>\n<tr>\n<td valign=\"middle\">\n<p><span style=\"color: #000000; font-family: Outfit; font-size: large;\">Sitzgruppe, die ein Bett f\u00fcr 1 Person sein kann (Bett ist nur f\u00fcr 15 und 17 Kubikmeter g\u00fcltig)<\/span><\/p>\n<\/td>\n<\/tr>\n<tr>\n<td rowspan=\"4\" valign=\"middle\">\n<p><span style=\"color: #000000; font-family: Outfit; font-size: large;\"><b>K\u00fcchenbereich<\/b><\/span><\/p>\n<\/td>\n<td valign=\"middle\">\n<p><span style=\"color: #000000; font-family: Outfit; font-size: large;\">Importiert, Glasdeckel, Kombination aus 2-Flammen-Kochfeld und Sp\u00fcle<\/span><\/p>\n<\/td>\n<\/tr>\n<tr>\n<td valign=\"middle\">\n<p><span style=\"color: #000000; font-family: Outfit; font-size: large;\">12V Wasserhahn<\/span><\/p>\n<\/td>\n<\/tr>\n<tr>\n<td valign=\"middle\">\n<p><span style=\"color: #000000; font-family: Outfit; font-size: large;\">85 Liter Indel-B 12V-K\u00fchlschrank<\/span><\/p>\n<\/td>\n<\/tr>\n<tr>\n<td valign=\"middle\">\n<p><span style=\"color: #000000; font-family: Outfit; font-size: large;\">Unterbauschrank und Schublade<\/span><\/p>\n<\/td>\n<\/tr>\n<tr>\n<td rowspan=\"4\" valign=\"middle\">\n<p><span style=\"color: #000000; font-family: Outfit; font-size: large;\"><b>Badezimmer Bereich<\/b><\/span><\/p>\n<\/td>\n<td valign=\"middle\">\n<p><span style=\"color: #000000; font-family: Outfit; font-size: large;\">Thetford Externe Kassettentoilette<\/span><\/p>\n<\/td>\n<\/tr>\n<tr>\n<td valign=\"middle\">\n<p><span style=\"color: #000000; font-family: Outfit; font-size: large;\">Duschwanne<\/span><\/p>\n<\/td>\n<\/tr>\n<tr>\n<td valign=\"middle\">\n<p><span style=\"color: #000000; font-family: Outfit; font-size: large;\">Eckwaschbecken mit Unterschrank<\/span><\/p>\n<\/td>\n<\/tr>\n<tr>\n<td valign=\"middle\">\n<p><span style=\"color: #000000; font-family: Outfit; font-size: large;\">12V Duschkopf Wasserhahn<\/span><\/p>\n<\/td>\n<\/tr>\n<tr>\n<td rowspan=\"4\" valign=\"middle\">\n<p><span style=\"color: #000000; font-family: Outfit; font-size: large;\"><b>Solarzellenanlage<\/b><\/span><\/p>\n<\/td>\n<td valign=\"middle\">\n<p><span style=\"color: #000000; font-family: Outfit; font-size: large;\">2 St\u00fcck 205W monokristallines Panel<\/span><\/p>\n<\/td>\n<\/tr>\n<tr>\n<td valign=\"middle\">\n<p><span style=\"color: #000000; font-family: Outfit; font-size: large;\">200A Gel-Batterie<\/span><\/p>\n<\/td>\n<\/tr>\n<tr>\n<td valign=\"middle\">\n<p><span style=\"color: #000000; font-family: Outfit; font-size: large;\">1000W Vollsinus-Wechselrichter<\/span><\/p>\n<\/td>\n<\/tr>\n<tr>\n<td valign=\"middle\">\n<p><span style=\"color: #000000; font-family: Outfit; font-size: large;\">30A MPPT-Ladeger\u00e4t<\/span><\/p>\n<\/td>\n<\/tr>\n<tr>\n<td valign=\"middle\">\n<p><span style=\"color: #000000; font-family: Outfit; font-size: large;\"><b>Windows<\/b><\/span><\/p>\n<\/td>\n<td valign=\"middle\">\n<p><span style=\"color: #000000; font-family: Outfit; font-size: large;\">Importierte Rollos und Fliegengitter f\u00fcr Wohnwagenfenster<\/span><\/p>\n<\/td>\n<\/tr>\n<tr>\n<td valign=\"middle\">\n<p><span style=\"color: #000000; font-family: Outfit; font-size: large;\"><b>Warmwasserbereiter<\/b><\/span><\/p>\n<\/td>\n<td valign=\"middle\">\n<p><span style=\"color: #000000; font-family: Outfit; font-size: large;\">Truma Therme 220V 5lt Hei\u00dfwasserkapazit\u00e4t<\/span><\/p>\n<\/td>\n<\/tr>\n<tr>\n<td valign=\"middle\">\n<p><span style=\"color: #000000; font-family: Outfit; font-size: large;\"><b>Umgebungsheizung<\/b><\/span><\/p>\n<\/td>\n<td valign=\"middle\">\n<p><span style=\"color: #000000; font-family: Outfit; font-size: large;\">\u00d6l-Heizung (Webasto oder Eberspracher)<\/span><\/p>\n<\/td>\n<\/tr>\n<tr>\n<td rowspan=\"3\" valign=\"middle\">\n<p><span style=\"color: #000000; font-family: Outfit; font-size: large;\"><b>Beleuchtung<\/b><\/span><\/p>\n<\/td>\n<td valign=\"middle\">\n<p><span style=\"color: #000000; font-family: Outfit; font-size: large;\">LED-Strahler und Deckenbeleuchtung<\/span><\/p>\n<\/td>\n<\/tr>\n<tr>\n<td valign=\"middle\">\n<p><span style=\"color: #000000; font-family: Outfit; font-size: large;\">LED-Au\u00dfenbeleuchtung<\/span><\/p>\n<\/td>\n<\/tr>\n<tr>\n<td valign=\"middle\">\n<p><span style=\"color: #000000; font-family: Outfit; font-size: large;\">LED Kofferraumbeleuchtung<\/span><\/p>\n<\/td>\n<\/tr>\n<tr>\n<td rowspan=\"2\" valign=\"middle\">\n<p><span style=\"color: #000000; font-family: Outfit; font-size: large;\"><b>Deckenbel\u00fcftung<\/b><\/span><\/p>\n<\/td>\n<td valign=\"middle\">\n<p><span style=\"color: #000000; font-family: Outfit; font-size: large;\">Importiertes Rollo im Format 40&#215;40 und Fliegengitterbel\u00fcftung<\/span><\/p>\n<\/td>\n<\/tr>\n<tr>\n<td valign=\"middle\">\n<p><span style=\"color: #000000; font-family: Outfit; font-size: large;\">Importiertes Rollo im Format 28&#215;28 und Fliegengitterl\u00fcftung im Badezimmer<\/span><\/p>\n<\/td>\n<\/tr>\n<tr>\n<td rowspan=\"3\" valign=\"middle\">\n<p><span style=\"color: #000000; font-family: Outfit; font-size: large;\"><b>Wasserinstallation<\/b><\/span><\/p>\n<\/td>\n<td valign=\"middle\">\n<p><span style=\"color: #000000; font-family: Outfit; font-size: large;\">10lt\/d Importierte Hydrophore<\/span><\/p>\n<\/td>\n<\/tr>\n<tr>\n<td valign=\"middle\">\n<p><span style=\"color: #000000; font-family: Outfit; font-size: large;\">125-Liter-Tank f\u00fcr sauberes Wasser<\/span><\/p>\n<\/td>\n<\/tr>\n<tr>\n<td valign=\"middle\">\n<p><span style=\"color: #000000; font-family: Outfit; font-size: large;\">bis zu 100 Liter Schmutzwassertank<\/span><\/p>\n<\/td>\n<\/tr>\n<tr>\n<td valign=\"middle\">\n<p><span style=\"color: #000000; font-family: Outfit; font-size: large;\"><b>Bedienfeld<\/b><\/span><\/p>\n<\/td>\n<td valign=\"middle\">\n<p><span style=\"color: #000000; font-family: Outfit; font-size: large;\">Bedienfeld, \u00fcber das Sie alle internen und externen Ger\u00e4te steuern k\u00f6nnen<\/span><\/p>\n<\/td>\n<\/tr>\n<\/tbody>\n<\/table>\n\t\t\t\t\t\t\t\t<\/div>\n\t\t\t\t<\/div>\n\t\t\t\t<div class=\"elementor-element elementor-element-cc6ab00 elementor-widget elementor-widget-heading\" data-id=\"cc6ab00\" data-element_type=\"widget\" data-e-type=\"widget\" data-widget_type=\"heading.default\">\n\t\t\t\t<div class=\"elementor-widget-container\">\n\t\t\t\t\t<h4 class=\"elementor-heading-title elementor-size-default\">Cerion Vanus 640H Sonderausstattung<\/h4>\t\t\t\t<\/div>\n\t\t\t\t<\/div>\n\t\t\t\t<div class=\"elementor-element elementor-element-9ba2123 elementor-widget elementor-widget-text-editor\" data-id=\"9ba2123\" data-element_type=\"widget\" data-e-type=\"widget\" data-widget_type=\"text-editor.default\">\n\t\t\t\t<div class=\"elementor-widget-container\">\n\t\t\t\t\t\t\t\t\t<table cellspacing=\"0\" cellpadding=\"0\">\n<tbody>\n<tr>\n<td valign=\"middle\">\n<p><span style=\"color: #000000; font-family: Outfit; font-size: large;\"><b>Camper Off-Road Pack<\/b><\/span><\/p>\n<\/td>\n<td valign=\"middle\">\n<p><span style=\"color: #000000; font-family: Outfit; font-size: large;\">Verbessertes Fahrwerk, verst\u00e4rkte Sto\u00dfstangen, Allround-Reifen, Offroad-Schutz und Transportstangen, Offroad-Beleuchtung, Au\u00dfendusche<\/span><\/p>\n<\/td>\n<\/tr>\n<tr>\n<td valign=\"middle\">\n<p><span style=\"color: #000000; font-family: Outfit; font-size: large;\"><b>Solarenergie-System &#8211; Gel-Batterie-Pack  <\/b><\/span><\/p>\n<\/td>\n<td valign=\"middle\">\n<p><span style=\"color: #000000; font-family: Outfit; font-size: large;\">2x205W monokristallines Panel, 2x150A Gel-Batterie, 2.000W Wechselrichter, MPPT, Ladeger\u00e4t, DC-DC-Ladeger\u00e4t<\/span><\/p>\n<\/td>\n<\/tr>\n<tr>\n<td valign=\"middle\">\n<p><span style=\"color: #000000; font-family: Outfit; font-size: large;\"><b>Solarenergie-System: Lithium-Batterie-Pack<\/b><\/span><\/p>\n<\/td>\n<td valign=\"middle\">\n<p><span style=\"color: #000000; font-family: Outfit; font-size: large;\">2x205W monokristallines Panel, 2x150A Lithium Batterie, 2.000W Wechselrichter, MPPT, Ladeger\u00e4t, DC-DC Ladeger\u00e4t<\/span><\/p>\n<\/td>\n<\/tr>\n<tr>\n<td valign=\"middle\">\n<p><span style=\"color: #000000; font-family: Outfit; font-size: large;\"><b>1+3 \u00c4nderung der Lizenz<\/b><\/span><\/p>\n<\/td>\n<td valign=\"middle\">\n<p><span style=\"color: #000000; font-family: Outfit; font-size: large;\">M1 Sitze, Fahrzeugbremstest und Sitztest<\/span><\/p>\n<\/td>\n<\/tr>\n<tr>\n<td valign=\"middle\">\n<p><span style=\"color: #000000; font-family: Outfit; font-size: large;\"><b>5-Personen-Bett Anwendung<\/b><\/span><\/p>\n<\/td>\n<td valign=\"middle\">\n<p><span style=\"color: #000000; font-family: Outfit; font-size: large;\">Elektrisches Hubbett Anwendung<\/span><\/p>\n<\/td>\n<\/tr>\n<tr>\n<td valign=\"middle\">\n<p><span style=\"color: #000000; font-family: Outfit; font-size: large;\"><b>Tisch mit Jungl\u00f6wen<\/b><\/span><\/p>\n<\/td>\n<td valign=\"middle\">\n<p><span style=\"color: #000000; font-family: Outfit; font-size: large;\">Tisch im Sitzbereich mit schwenkbaren Tischbeinen<\/span><\/p>\n<\/td>\n<\/tr>\n<tr>\n<td valign=\"middle\">\n<p><span style=\"color: #000000; font-family: Outfit; font-size: large;\"><b>Schiebedach<\/b><\/span><\/p>\n<\/td>\n<td valign=\"middle\">\n<p><span style=\"color: #000000; font-family: Outfit; font-size: large;\">Aufstelldach und 2-Personen-Bett (Pr\u00fcfen Sie die Eignung f\u00fcr Ihr Fahrzeug!)<\/span><\/p>\n<\/td>\n<\/tr>\n<tr>\n<td valign=\"middle\">\n<p><span style=\"color: #000000; font-family: Outfit; font-size: large;\"><b>Umwandlung der 2 Vordersitze in 1 Sitz<\/b><\/span><\/p>\n<\/td>\n<td valign=\"middle\">\n<p><span style=\"color: #000000; font-family: Outfit; font-size: large;\">Vordersitz mit Drehmechanismus f\u00fcr 1+1 Nutzung<\/span><\/p>\n<\/td>\n<\/tr>\n<tr>\n<td valign=\"middle\">\n<p><span style=\"color: #000000; font-family: Outfit; font-size: large;\"><b>Heizung &#8211; Raumheizung \u00d6lbefeuert<\/b><\/span><\/p>\n<\/td>\n<td valign=\"middle\">\n<p><span style=\"color: #000000; font-family: Outfit; font-size: large;\">Webasto EVO 55 &#8211; Unterschied im Vergleich zu Eberspracher D2<br \/>Eberspracher D2 wird gestrichen.<\/span><\/p>\n<\/td>\n<\/tr>\n<tr>\n<td valign=\"middle\">\n<p><span style=\"color: #000000; font-family: Outfit; font-size: large;\"><b>Warmwasseranlage LPG<\/b><\/span><\/p>\n<\/td>\n<td valign=\"middle\">\n<p><span style=\"color: #000000; font-family: Outfit; font-size: large;\">Truma Boiler B10 Scuba &#8211; Unterschied nach Truma Therme<br \/>Die Truma Therme wird gestrichen.<\/span><\/p>\n<\/td>\n<\/tr>\n<tr>\n<td valign=\"middle\">\n<p><span style=\"color: #000000; font-family: Outfit; font-size: large;\"><b>Umgebungsluft und Wassererhitzer<\/b><\/span><\/p>\n<\/td>\n<td valign=\"middle\">\n<p><span style=\"color: #000000; font-family: Outfit; font-size: large;\">Truma Combi 4 (Tauchen) &#8211; Unterschied<br \/>Truma Therme und Eberspracher D2 werden abgesagt<\/span><\/p>\n<\/td>\n<\/tr>\n<tr>\n<td valign=\"middle\">\n<p><span style=\"color: #000000; font-family: Outfit; font-size: large;\"><b>Umgebungsluft und Wassererhitzer<\/b><\/span><\/p>\n<\/td>\n<td valign=\"middle\">\n<p><span style=\"color: #000000; font-family: Outfit; font-size: large;\">Truma Combi 4 E (Scuba und 220V) &#8211; Unterschied<br \/>Truma Therme und Eberspracher D2 werden abgesagt<\/span><\/p>\n<\/td>\n<\/tr>\n<tr>\n<td valign=\"middle\">\n<p><span style=\"color: #000000; font-family: Outfit; font-size: large;\"><b>Umgebungsluft und Wassererhitzer<\/b><\/span><\/p>\n<\/td>\n<td valign=\"middle\">\n<p><span style=\"color: #000000; font-family: Outfit; font-size: large;\">Truma Combi 4D (Diesel) &#8211; Unterschied<br \/>Truma Therme und Eberspracher D2 werden abgesagt<\/span><\/p>\n<\/td>\n<\/tr>\n<tr>\n<td valign=\"middle\">\n<p><span style=\"color: #000000; font-family: Outfit; font-size: large;\"><b>Deckenklimager\u00e4t<\/b><\/span><\/p>\n<\/td>\n<td valign=\"middle\">\n<p><span style=\"color: #000000; font-family: Outfit; font-size: large;\">Truma Aventa Komfort 220V<\/span><\/p>\n<\/td>\n<\/tr>\n<tr>\n<td valign=\"middle\">\n<p><span style=\"color: #000000; font-family: Outfit; font-size: large;\"><b>Boden-Klimager\u00e4t<\/b><\/span><\/p>\n<\/td>\n<td valign=\"middle\">\n<p><span style=\"color: #000000; font-family: Outfit; font-size: large;\">Truma Saphir 220V &#8211; Box Typ<\/span><\/p>\n<\/td>\n<\/tr>\n<tr>\n<td valign=\"middle\">\n<p><span style=\"color: #000000; font-family: Outfit; font-size: large;\"><b>Importierte Markise Handbuch<\/b><\/span><\/p>\n<\/td>\n<td valign=\"middle\">\n<p><span style=\"color: #000000; font-family: Outfit; font-size: large;\">Thule Omnistor Manuelle Markise und LED-Beleuchtungsleiste (kann je nach Gr\u00f6\u00dfe des Wohnmobils in verschiedenen Gr\u00f6\u00dfen geliefert werden)<\/span><\/p>\n<\/td>\n<\/tr>\n<tr>\n<td valign=\"middle\">\n<p><span style=\"color: #000000; font-family: Outfit; font-size: large;\"><b>Importierte Markise Elektrisch<\/b><\/span><\/p>\n<\/td>\n<td valign=\"middle\">\n<p><span style=\"color: #000000; font-family: Outfit; font-size: large;\">Thule Omnistor 12V Markise und LED-Beleuchtungsleiste (kann je nach Gr\u00f6\u00dfe des Wohnmobils in verschiedenen Gr\u00f6\u00dfen geliefert werden)<\/span><\/p>\n<\/td>\n<\/tr>\n<tr>\n<td valign=\"middle\">\n<p><span style=\"color: #000000; font-family: Outfit; font-size: large;\"><b>Fernsehen<\/b><\/span><\/p>\n<\/td>\n<td valign=\"middle\">\n<p><span style=\"color: #000000; font-family: Outfit; font-size: large;\">21&#8243; TV 12V TV-Halterung<\/span><\/p>\n<\/td>\n<\/tr>\n<tr>\n<td valign=\"middle\">\n<p><span style=\"color: #000000; font-family: Outfit; font-size: large;\"><b>12V-K\u00fchlschrank &#8211; 1<\/b><\/span><\/p>\n<\/td>\n<td valign=\"middle\">\n<p><span style=\"color: #000000; font-family: Outfit; font-size: large;\">Thetford T2090 &#8211; 90 Liter K\u00fchlschrank<\/span><\/p>\n<\/td>\n<\/tr>\n<tr>\n<td valign=\"middle\">\n<p><span style=\"color: #000000; font-family: Outfit; font-size: large;\"><b>12V-K\u00fchlschrank &#8211; 2<\/b><\/span><\/p>\n<\/td>\n<td valign=\"middle\">\n<p><span style=\"color: #000000; font-family: Outfit; font-size: large;\">Dometic 10.4 &#8211; 90 Liter K\u00fchlschrank (Doppelseitige \u00d6ffnung)<\/span><\/p>\n<\/td>\n<\/tr>\n<tr>\n<td valign=\"middle\">\n<p><span style=\"color: #000000; font-family: Outfit; font-size: large;\"><b>3-System-K\u00fchlschrank (12\/220V und Gas)<\/b><\/span><\/p>\n<\/td>\n<td valign=\"middle\">\n<p><span style=\"color: #000000; font-family: Outfit; font-size: large;\"><span class=\"Apple-converted-space\">  <\/span>12V, 220V und Gas Dometic K\u00fchlschrank 83lt<\/span><\/p>\n<\/td>\n<\/tr>\n<tr>\n<td valign=\"middle\">\n<p><span style=\"color: #000000; font-family: Outfit; font-size: large;\"><b>Gasbackofen + Kocher-Kombination<\/b><\/span><\/p>\n<\/td>\n<td valign=\"middle\">\n<p><span style=\"color: #000000; font-family: Outfit; font-size: large;\">Gasbackofen und -kochfeld der Marke Thetford Triplex  <\/span><\/p>\n<\/td>\n<\/tr>\n<tr>\n<td valign=\"middle\">\n<p><span style=\"color: #000000; font-family: Outfit; font-size: large;\"><b>Elektrisches Toilettensystem &#8211; Mit Macerator<\/b><\/span><\/p>\n<\/td>\n<td valign=\"middle\">\n<p><span style=\"color: #000000; font-family: Outfit; font-size: large;\">Yachttyp 12V-Toilette und Zerkleinerungsanlage, Schwarzwassertank<\/span><\/p>\n<\/td>\n<\/tr>\n<tr>\n<td valign=\"middle\">\n<p><span style=\"color: #000000; font-family: Outfit; font-size: large;\"><b>Komfortableres Bett<\/b><\/span><\/p>\n<\/td>\n<td valign=\"middle\">\n<p><span style=\"color: #000000; font-family: Outfit; font-size: large;\">Orthop\u00e4dische Visco-Matratze<\/span><\/p>\n<\/td>\n<\/tr>\n<tr>\n<td valign=\"middle\">\n<p><span style=\"color: #000000; font-family: Outfit; font-size: large;\"><b>Externe Dusche<\/b><\/span><\/p>\n<\/td>\n<td valign=\"middle\">\n<p><span style=\"color: #000000; font-family: Outfit; font-size: large;\">System, mit dem Sie au\u00dferhalb des Wohnwagens duschen k\u00f6nnen, mit Schalter und geeignet f\u00fcr die Installation im Wohnwagen<\/span><\/p>\n<\/td>\n<\/tr>\n<tr>\n<td valign=\"middle\">\n<p><span style=\"color: #000000; font-family: Outfit; font-size: large;\"><b>Midi Heki &#8211; Bel\u00fcftung<\/b><\/span><\/p>\n<\/td>\n<td valign=\"middle\">\n<p><span style=\"color: #000000; font-family: Outfit; font-size: large;\">50&#215;70 Rollos mit Moskitonetzen<\/span><\/p>\n<\/td>\n<\/tr>\n<tr>\n<td valign=\"middle\">\n<p><span style=\"color: #000000; font-family: Outfit; font-size: large;\"><b>Elektrische Wohnwagen-Stufe<\/b><\/span><\/p>\n<\/td>\n<td valign=\"middle\">\n<p><span style=\"color: #000000; font-family: Outfit; font-size: large;\">Stufe f\u00fcr die Eingangst\u00fcr mit Druckknopf zum \u00d6ffnen und Schlie\u00dfen<\/span><\/p>\n<\/td>\n<\/tr>\n<tr>\n<td valign=\"middle\">\n<p><span style=\"color: #000000; font-family: Outfit; font-size: large;\"><b>12V Ventilierte Decke Heki<\/b><\/span><\/p>\n<\/td>\n<td valign=\"middle\">\n<p><span style=\"color: #000000; font-family: Outfit; font-size: large;\">12V 28&#215;28 Badhygiene<\/span><\/p>\n<\/td>\n<\/tr>\n<tr>\n<td valign=\"middle\">\n<p><span style=\"color: #000000; font-family: Outfit; font-size: large;\"><b>Fahrradtragevorrichtung<\/b><\/span><\/p>\n<\/td>\n<td valign=\"middle\">\n<p><span style=\"color: #000000; font-family: Outfit; font-size: large;\">Thule 2 Fahrradtr\u00e4gerhalterung<\/span><\/p>\n<\/td>\n<\/tr>\n<tr>\n<td valign=\"middle\">\n<p><span style=\"color: #000000; font-family: Outfit; font-size: large;\"><b>Hintere Treppe<\/b><\/span><\/p>\n<\/td>\n<td valign=\"middle\">\n<p><span style=\"color: #000000; font-family: Outfit; font-size: large;\">2 St\u00fcck klappbare R\u00fcckenleiter<\/span><\/p>\n<\/td>\n<\/tr>\n<tr>\n<td valign=\"middle\">\n<p><span style=\"color: #000000; font-family: Outfit; font-size: large;\"><b>T\u00fcr Fliegengitter<\/b><\/span><\/p>\n<\/td>\n<td valign=\"middle\">\n<p><span style=\"color: #000000; font-family: Outfit; font-size: large;\">Dometic oder Remis Fliegengitter f\u00fcr Kabineneingangst\u00fcr<\/span><\/p>\n<\/td>\n<\/tr>\n<tr>\n<td valign=\"middle\">\n<p><span style=\"color: #000000; font-family: Outfit; font-size: large;\"><b>Fahrzeug-Sonnenblenden<\/b><\/span><\/p>\n<\/td>\n<td valign=\"middle\">\n<p><span style=\"color: #000000; font-family: Outfit; font-size: large;\">Dometic oder Remis Jalousien f\u00fcr Autofenster<\/span><\/p>\n<\/td>\n<\/tr>\n<tr>\n<td valign=\"middle\">\n<p><span style=\"color: #000000; font-family: Outfit; font-size: large;\"><b>R\u00fcckfahrkamera-System<\/b><\/span><\/p>\n<\/td>\n<td valign=\"middle\">\n<p><span style=\"color: #000000; font-family: Outfit; font-size: large;\">R\u00fcckfahrkamera und Display &#8211; Der R\u00fcckspiegel wird mit einer Kamera ausgestattet<\/span><\/p>\n<\/td>\n<\/tr>\n<tr>\n<td valign=\"middle\">\n<p><span style=\"color: #000000; font-family: Outfit; font-size: large;\"><b>R\u00fcckfahrkamera und Unterhaltungssystem<\/b><\/span><\/p>\n<\/td>\n<td valign=\"middle\">\n<p><span style=\"color: #000000; font-family: Outfit; font-size: large;\">Bildschirm, Kamera, Kabel und Verarbeitung f\u00fcr das Fahrzeug geeignet<\/span><\/p>\n<\/td>\n<\/tr>\n<tr>\n<td valign=\"middle\">\n<p><span style=\"color: #000000; font-family: Outfit; font-size: large;\"><b>Premium-Beschichtung<\/b><\/span><\/p>\n<\/td>\n<td valign=\"middle\">\n<p><span style=\"color: #000000; font-family: Outfit; font-size: large;\">G\u00fcrtelmarkierung Premium-Folienbeschichtung<\/span><\/p>\n<\/td>\n<\/tr>\n<tr>\n<td valign=\"middle\">\n<p><span style=\"color: #000000; font-family: Outfit; font-size: large;\"><b>Farbe Option<\/b><\/span><\/p>\n<\/td>\n<td valign=\"middle\">\n<p><span style=\"color: #000000; font-family: Outfit; font-size: large;\">Einfarbige Lackierung in der gew\u00fcnschten Farbe (variiert je nach Kraftfahrzeug und Kabinengr\u00f6\u00dfe)<\/span><\/p>\n<\/td>\n<\/tr>\n<\/tbody>\n<\/table>\n\t\t\t\t\t\t\t\t<\/div>\n\t\t\t\t<\/div>\n\t\t<div class=\"elementor-element elementor-element-688a157 e-flex e-con-boxed e-con e-child\" data-id=\"688a157\" data-element_type=\"container\" data-e-type=\"container\">\n\t\t\t\t\t<div class=\"e-con-inner\">\n\t\t\t\t<div class=\"elementor-element elementor-element-7b57311 elementor-widget elementor-widget-heading\" data-id=\"7b57311\" data-element_type=\"widget\" data-e-type=\"widget\" data-widget_type=\"heading.default\">\n\t\t\t\t<div class=\"elementor-widget-container\">\n\t\t\t\t\t<h5 class=\"elementor-heading-title elementor-size-default\">Andere Modelle, die Sie interessieren k\u00f6nnten<\/h5>\t\t\t\t<\/div>\n\t\t\t\t<\/div>\n\t\t\t\t\t<\/div>\n\t\t\t\t<\/div>\n\t\t<div class=\"elementor-element elementor-element-b7303b6 e-grid e-con-boxed e-con e-child\" data-id=\"b7303b6\" data-element_type=\"container\" data-e-type=\"container\">\n\t\t\t\t\t<div class=\"e-con-inner\">\n\t\t\t\t<div class=\"elementor-element elementor-element-519d0be elementor-position-top elementor-widget elementor-widget-image-box\" data-id=\"519d0be\" data-element_type=\"widget\" data-e-type=\"widget\" data-widget_type=\"image-box.default\">\n\t\t\t\t<div class=\"elementor-widget-container\">\n\t\t\t\t\t<div class=\"elementor-image-box-wrapper\"><figure class=\"elementor-image-box-img\"><a href=\"https:\/\/www.saly.com.tr\/camper-van-modelleri\/cerion-vanus-590\/\" tabindex=\"-1\"><img fetchpriority=\"high\" decoding=\"async\" width=\"1280\" height=\"500\" src=\"https:\/\/www.saly.com.tr\/wp-content\/uploads\/2024\/04\/SALY-Caravan-Cerion-Vanus-590-Ford-Transit-Camper-Van-1-1280x500.jpg\" class=\"attachment-portfolio-mf-w size-portfolio-mf-w wp-image-3151\" alt=\"\" srcset=\"https:\/\/www.saly.com.tr\/wp-content\/uploads\/2024\/04\/SALY-Caravan-Cerion-Vanus-590-Ford-Transit-Camper-Van-1-1280x500.jpg 1280w, https:\/\/www.saly.com.tr\/wp-content\/uploads\/2024\/04\/SALY-Caravan-Cerion-Vanus-590-Ford-Transit-Camper-Van-1-1920x750.jpg 1920w\" sizes=\"(max-width:767px) 480px, (max-width:1280px) 100vw, 1280px\" \/><\/a><\/figure><div class=\"elementor-image-box-content\"><h2 class=\"elementor-image-box-title\"><a href=\"https:\/\/www.saly.com.tr\/camper-van-modelleri\/cerion-vanus-590\/\">Cerion Vanus 590 Wohnmobil<\/a><\/h2><\/div><\/div>\t\t\t\t<\/div>\n\t\t\t\t<\/div>\n\t\t\t\t<div class=\"elementor-element elementor-element-1518680 elementor-position-top elementor-widget elementor-widget-image-box\" data-id=\"1518680\" data-element_type=\"widget\" data-e-type=\"widget\" data-widget_type=\"image-box.default\">\n\t\t\t\t<div class=\"elementor-widget-container\">\n\t\t\t\t\t<div class=\"elementor-image-box-wrapper\"><figure class=\"elementor-image-box-img\"><a href=\"https:\/\/www.saly.com.tr\/camper-van-modelleri\/cerion-vanus-640\/\" tabindex=\"-1\"><img decoding=\"async\" width=\"1280\" height=\"500\" data-src=\"https:\/\/www.saly.com.tr\/wp-content\/uploads\/2024\/04\/SALY-Cerion-Vanus-640H-Camper-Van-6-1280x500.jpg\" class=\"attachment-portfolio-mf-w size-portfolio-mf-w wp-image-3891 lazyload\" alt=\"\" data-srcset=\"https:\/\/www.saly.com.tr\/wp-content\/uploads\/2024\/04\/SALY-Cerion-Vanus-640H-Camper-Van-6-1280x500.jpg 1280w, https:\/\/www.saly.com.tr\/wp-content\/uploads\/2024\/04\/SALY-Cerion-Vanus-640H-Camper-Van-6-1920x750.jpg 1920w\" data-sizes=\"(max-width:767px) 480px, (max-width:1280px) 100vw, 1280px\" src=\"data:image\/svg+xml;base64,PHN2ZyB3aWR0aD0iMSIgaGVpZ2h0PSIxIiB4bWxucz0iaHR0cDovL3d3dy53My5vcmcvMjAwMC9zdmciPjwvc3ZnPg==\" style=\"--smush-placeholder-width: 1280px; --smush-placeholder-aspect-ratio: 1280\/500;\" \/><\/a><\/figure><div class=\"elementor-image-box-content\"><h2 class=\"elementor-image-box-title\"><a href=\"https:\/\/www.saly.com.tr\/camper-van-modelleri\/cerion-vanus-640\/\">Cerion Vanus 640 Wohnmobil<\/a><\/h2><\/div><\/div>\t\t\t\t<\/div>\n\t\t\t\t<\/div>\n\t\t\t\t\t<\/div>\n\t\t\t\t<\/div>\n\t\t\t\t\t<\/div>\n\t\t\t\t<\/div>\n\t\t\t\t\t<\/div>\n\t\t<\/div>\n\t\t\t\t\t<\/div>\n\t\t<\/section>\n\t\t<div class=\"elementor-element elementor-element-3c455d1 e-flex e-con-boxed e-con e-parent\" data-id=\"3c455d1\" data-element_type=\"container\" data-e-type=\"container\">\n\t\t\t\t\t<div class=\"e-con-inner\">\n\t\t\t\t<div class=\"elementor-element elementor-element-08775a0 elementor-widget elementor-widget-heading\" data-id=\"08775a0\" data-element_type=\"widget\" data-e-type=\"widget\" data-widget_type=\"heading.default\">\n\t\t\t\t<div class=\"elementor-widget-container\">\n\t\t\t\t\t<h5 class=\"elementor-heading-title elementor-size-default\">Folgen Sie uns, um \u00fcber aktuelle Neuigkeiten und neue Modelle informiert zu werden!<\/h5>\t\t\t\t<\/div>\n\t\t\t\t<\/div>\n\t\t\t\t<div class=\"elementor-element elementor-element-8f7bb8c elementor-shape-circle elementor-grid-0 e-grid-align-center elementor-widget elementor-widget-social-icons\" data-id=\"8f7bb8c\" data-element_type=\"widget\" data-e-type=\"widget\" data-widget_type=\"social-icons.default\">\n\t\t\t\t<div class=\"elementor-widget-container\">\n\t\t\t\t\t\t\t<div class=\"elementor-social-icons-wrapper elementor-grid\" role=\"list\">\n\t\t\t\t\t\t\t<span class=\"elementor-grid-item\" role=\"listitem\">\n\t\t\t\t\t<a class=\"elementor-icon elementor-social-icon elementor-social-icon-instagram elementor-repeater-item-4c8e75a\" href=\"https:\/\/www.instagram.com\/salycaravan\" target=\"_blank\">\n\t\t\t\t\t\t<span class=\"elementor-screen-only\">Instagram<\/span>\n\t\t\t\t\t\t<svg aria-hidden=\"true\" class=\"e-font-icon-svg e-fab-instagram\" viewBox=\"0 0 448 512\" xmlns=\"http:\/\/www.w3.org\/2000\/svg\"><path d=\"M224.1 141c-63.6 0-114.9 51.3-114.9 114.9s51.3 114.9 114.9 114.9S339 319.5 339 255.9 287.7 141 224.1 141zm0 189.6c-41.1 0-74.7-33.5-74.7-74.7s33.5-74.7 74.7-74.7 74.7 33.5 74.7 74.7-33.6 74.7-74.7 74.7zm146.4-194.3c0 14.9-12 26.8-26.8 26.8-14.9 0-26.8-12-26.8-26.8s12-26.8 26.8-26.8 26.8 12 26.8 26.8zm76.1 27.2c-1.7-35.9-9.9-67.7-36.2-93.9-26.2-26.2-58-34.4-93.9-36.2-37-2.1-147.9-2.1-184.9 0-35.8 1.7-67.6 9.9-93.9 36.1s-34.4 58-36.2 93.9c-2.1 37-2.1 147.9 0 184.9 1.7 35.9 9.9 67.7 36.2 93.9s58 34.4 93.9 36.2c37 2.1 147.9 2.1 184.9 0 35.9-1.7 67.7-9.9 93.9-36.2 26.2-26.2 34.4-58 36.2-93.9 2.1-37 2.1-147.8 0-184.8zM398.8 388c-7.8 19.6-22.9 34.7-42.6 42.6-29.5 11.7-99.5 9-132.1 9s-102.7 2.6-132.1-9c-19.6-7.8-34.7-22.9-42.6-42.6-11.7-29.5-9-99.5-9-132.1s-2.6-102.7 9-132.1c7.8-19.6 22.9-34.7 42.6-42.6 29.5-11.7 99.5-9 132.1-9s102.7-2.6 132.1 9c19.6 7.8 34.7 22.9 42.6 42.6 11.7 29.5 9 99.5 9 132.1s2.7 102.7-9 132.1z\"><\/path><\/svg>\t\t\t\t\t<\/a>\n\t\t\t\t<\/span>\n\t\t\t\t\t\t\t<span class=\"elementor-grid-item\" role=\"listitem\">\n\t\t\t\t\t<a class=\"elementor-icon elementor-social-icon elementor-social-icon-facebook elementor-repeater-item-e6d9daa\" href=\"https:\/\/www.facebook.com\/salycaravan\" target=\"_blank\">\n\t\t\t\t\t\t<span class=\"elementor-screen-only\">Facebook<\/span>\n\t\t\t\t\t\t<svg aria-hidden=\"true\" class=\"e-font-icon-svg e-fab-facebook\" viewBox=\"0 0 512 512\" xmlns=\"http:\/\/www.w3.org\/2000\/svg\"><path d=\"M504 256C504 119 393 8 256 8S8 119 8 256c0 123.78 90.69 226.38 209.25 245V327.69h-63V256h63v-54.64c0-62.15 37-96.48 93.67-96.48 27.14 0 55.52 4.84 55.52 4.84v61h-31.28c-30.8 0-40.41 19.12-40.41 38.73V256h68.78l-11 71.69h-57.78V501C413.31 482.38 504 379.78 504 256z\"><\/path><\/svg>\t\t\t\t\t<\/a>\n\t\t\t\t<\/span>\n\t\t\t\t\t\t\t<span class=\"elementor-grid-item\" role=\"listitem\">\n\t\t\t\t\t<a class=\"elementor-icon elementor-social-icon elementor-social-icon-youtube elementor-repeater-item-a1ca770\" href=\"https:\/\/www.youtube.com\/c\/SalyCaravan\" target=\"_blank\">\n\t\t\t\t\t\t<span class=\"elementor-screen-only\">Youtube<\/span>\n\t\t\t\t\t\t<svg aria-hidden=\"true\" class=\"e-font-icon-svg e-fab-youtube\" viewBox=\"0 0 576 512\" xmlns=\"http:\/\/www.w3.org\/2000\/svg\"><path d=\"M549.655 124.083c-6.281-23.65-24.787-42.276-48.284-48.597C458.781 64 288 64 288 64S117.22 64 74.629 75.486c-23.497 6.322-42.003 24.947-48.284 48.597-11.412 42.867-11.412 132.305-11.412 132.305s0 89.438 11.412 132.305c6.281 23.65 24.787 41.5 48.284 47.821C117.22 448 288 448 288 448s170.78 0 213.371-11.486c23.497-6.321 42.003-24.171 48.284-47.821 11.412-42.867 11.412-132.305 11.412-132.305s0-89.438-11.412-132.305zm-317.51 213.508V175.185l142.739 81.205-142.739 81.201z\"><\/path><\/svg>\t\t\t\t\t<\/a>\n\t\t\t\t<\/span>\n\t\t\t\t\t\t\t<span class=\"elementor-grid-item\" role=\"listitem\">\n\t\t\t\t\t<a class=\"elementor-icon elementor-social-icon elementor-social-icon-linkedin elementor-repeater-item-cf141f6\" href=\"https:\/\/tr.linkedin.com\/company\/saly-group\" target=\"_blank\">\n\t\t\t\t\t\t<span class=\"elementor-screen-only\">Linkedin<\/span>\n\t\t\t\t\t\t<svg aria-hidden=\"true\" class=\"e-font-icon-svg e-fab-linkedin\" viewBox=\"0 0 448 512\" xmlns=\"http:\/\/www.w3.org\/2000\/svg\"><path d=\"M416 32H31.9C14.3 32 0 46.5 0 64.3v383.4C0 465.5 14.3 480 31.9 480H416c17.6 0 32-14.5 32-32.3V64.3c0-17.8-14.4-32.3-32-32.3zM135.4 416H69V202.2h66.5V416zm-33.2-243c-21.3 0-38.5-17.3-38.5-38.5S80.9 96 102.2 96c21.2 0 38.5 17.3 38.5 38.5 0 21.3-17.2 38.5-38.5 38.5zm282.1 243h-66.4V312c0-24.8-.5-56.7-34.5-56.7-34.6 0-39.9 27-39.9 54.9V416h-66.4V202.2h63.7v29.2h.9c8.9-16.8 30.6-34.5 62.9-34.5 67.2 0 79.7 44.3 79.7 101.9V416z\"><\/path><\/svg>\t\t\t\t\t<\/a>\n\t\t\t\t<\/span>\n\t\t\t\t\t\t\t<span class=\"elementor-grid-item\" role=\"listitem\">\n\t\t\t\t\t<a class=\"elementor-icon elementor-social-icon elementor-social-icon-x-twitter elementor-repeater-item-d893623\" href=\"https:\/\/www.x.com\/salycaravan\" target=\"_blank\">\n\t\t\t\t\t\t<span class=\"elementor-screen-only\">X-twitter<\/span>\n\t\t\t\t\t\t<svg aria-hidden=\"true\" class=\"e-font-icon-svg e-fab-x-twitter\" viewBox=\"0 0 512 512\" xmlns=\"http:\/\/www.w3.org\/2000\/svg\"><path d=\"M389.2 48h70.6L305.6 224.2 487 464H345L233.7 318.6 106.5 464H35.8L200.7 275.5 26.8 48H172.4L272.9 180.9 389.2 48zM364.4 421.8h39.1L151.1 88h-42L364.4 421.8z\"><\/path><\/svg>\t\t\t\t\t<\/a>\n\t\t\t\t<\/span>\n\t\t\t\t\t<\/div>\n\t\t\t\t\t\t<\/div>\n\t\t\t\t<\/div>\n\t\t\t\t\t<\/div>\n\t\t\t\t<\/div>\n\t\t<div class=\"elementor-element elementor-element-ffff456 e-flex e-con-boxed e-con e-parent\" data-id=\"ffff456\" data-element_type=\"container\" data-e-type=\"container\">\n\t\t\t\t\t<div class=\"e-con-inner\">\n\t\t\t\t\t<\/div>\n\t\t\t\t<\/div>\n\t\t\t\t<\/div>\n\t\t","protected":false},"excerpt":{"rendered":"<p>Cerion Vanus 640H Der neue SALY Cerion Vanus 640H Camper Van, mit dem Sie bequem in der Stadt reisen k\u00f6nnen, der Ihnen auch auf schmalen Wegen<span class=\"excerpt-hellip\"> [\u2026]<\/span><\/p>\n","protected":false},"author":1,"featured_media":3891,"parent":7745,"menu_order":0,"comment_status":"closed","ping_status":"closed","template":"","meta":{"footnotes":""},"class_list":["post-8374","page","type-page","status-publish","has-post-thumbnail","hentry"],"yoast_head":"<!-- This site is optimized with the Yoast SEO Premium plugin v27.4 (Yoast SEO v27.4) - https:\/\/yoast.com\/product\/yoast-seo-premium-wordpress\/ -->\n<title>Cerion Vanus 640H &#187; SALY Karavan<\/title>\n<meta name=\"description\" content=\"Cerion Vanus 640H SALY Karavan\" \/>\n<meta name=\"robots\" content=\"index, follow, max-snippet:-1, max-image-preview:large, max-video-preview:-1\" \/>\n<link rel=\"canonical\" href=\"https:\/\/www.saly.com.tr\/de\/kastenwagen-modelle\/cerion-vanus-640h\/\" \/>\n<meta property=\"og:locale\" content=\"de_DE\" \/>\n<meta property=\"og:type\" content=\"article\" \/>\n<meta property=\"og:title\" content=\"Cerion Vanus 640H &#187; SALY Karavan\" \/>\n<meta property=\"og:description\" content=\"Cerion Vanus 640H SALY Karavan\" \/>\n<meta property=\"og:url\" content=\"https:\/\/www.saly.com.tr\/de\/kastenwagen-modelle\/cerion-vanus-640h\/\" \/>\n<meta property=\"og:site_name\" content=\"SALY Karavan\" \/>\n<meta property=\"article:publisher\" content=\"https:\/\/www.facebook.com\/salycaravan\" \/>\n<meta property=\"article:modified_time\" content=\"2024-07-20T12:44:03+00:00\" \/>\n<meta property=\"og:image\" content=\"https:\/\/www.saly.com.tr\/wp-content\/uploads\/2024\/04\/SALY-Cerion-Vanus-640H-Camper-Van-6-scaled.jpg\" \/>\n\t<meta property=\"og:image:width\" content=\"2560\" \/>\n\t<meta property=\"og:image:height\" content=\"1707\" \/>\n\t<meta property=\"og:image:type\" content=\"image\/jpeg\" \/>\n<meta name=\"twitter:card\" content=\"summary_large_image\" \/>\n<meta name=\"twitter:site\" content=\"@salycaravan\" \/>\n<meta name=\"twitter:label1\" content=\"Gesch\u00e4tzte Lesezeit\" \/>\n\t<meta name=\"twitter:data1\" content=\"4\u00a0Minuten\" \/>\n<script type=\"application\/ld+json\" class=\"yoast-schema-graph\">{\"@context\":\"https:\\\/\\\/schema.org\",\"@graph\":[{\"@type\":\"WebPage\",\"@id\":\"https:\\\/\\\/www.saly.com.tr\\\/de\\\/kastenwagen-modelle\\\/cerion-vanus-640h\\\/\",\"url\":\"https:\\\/\\\/www.saly.com.tr\\\/de\\\/kastenwagen-modelle\\\/cerion-vanus-640h\\\/\",\"name\":\"Cerion Vanus 640H &#187; SALY Karavan\",\"isPartOf\":{\"@id\":\"https:\\\/\\\/www.saly.com.tr\\\/de\\\/#website\"},\"primaryImageOfPage\":{\"@id\":\"https:\\\/\\\/www.saly.com.tr\\\/de\\\/kastenwagen-modelle\\\/cerion-vanus-640h\\\/#primaryimage\"},\"image\":{\"@id\":\"https:\\\/\\\/www.saly.com.tr\\\/de\\\/kastenwagen-modelle\\\/cerion-vanus-640h\\\/#primaryimage\"},\"thumbnailUrl\":\"https:\\\/\\\/www.saly.com.tr\\\/wp-content\\\/uploads\\\/2024\\\/04\\\/SALY-Cerion-Vanus-640H-Camper-Van-6-scaled.jpg\",\"datePublished\":\"2024-05-02T20:51:13+00:00\",\"dateModified\":\"2024-07-20T12:44:03+00:00\",\"description\":\"Cerion Vanus 640H SALY Karavan\",\"breadcrumb\":{\"@id\":\"https:\\\/\\\/www.saly.com.tr\\\/de\\\/kastenwagen-modelle\\\/cerion-vanus-640h\\\/#breadcrumb\"},\"inLanguage\":\"de\",\"potentialAction\":[{\"@type\":\"ReadAction\",\"target\":[\"https:\\\/\\\/www.saly.com.tr\\\/de\\\/kastenwagen-modelle\\\/cerion-vanus-640h\\\/\"]}]},{\"@type\":\"ImageObject\",\"inLanguage\":\"de\",\"@id\":\"https:\\\/\\\/www.saly.com.tr\\\/de\\\/kastenwagen-modelle\\\/cerion-vanus-640h\\\/#primaryimage\",\"url\":\"https:\\\/\\\/www.saly.com.tr\\\/wp-content\\\/uploads\\\/2024\\\/04\\\/SALY-Cerion-Vanus-640H-Camper-Van-6-scaled.jpg\",\"contentUrl\":\"https:\\\/\\\/www.saly.com.tr\\\/wp-content\\\/uploads\\\/2024\\\/04\\\/SALY-Cerion-Vanus-640H-Camper-Van-6-scaled.jpg\",\"width\":2560,\"height\":1707},{\"@type\":\"BreadcrumbList\",\"@id\":\"https:\\\/\\\/www.saly.com.tr\\\/de\\\/kastenwagen-modelle\\\/cerion-vanus-640h\\\/#breadcrumb\",\"itemListElement\":[{\"@type\":\"ListItem\",\"position\":1,\"name\":\"Home\",\"item\":\"https:\\\/\\\/www.saly.com.tr\\\/de\\\/homepage\\\/\"},{\"@type\":\"ListItem\",\"position\":2,\"name\":\"Kastenwagen\",\"item\":\"https:\\\/\\\/www.saly.com.tr\\\/de\\\/kastenwagen-modelle\\\/\"},{\"@type\":\"ListItem\",\"position\":3,\"name\":\"Cerion Vanus 640H\"}]},{\"@type\":\"WebSite\",\"@id\":\"https:\\\/\\\/www.saly.com.tr\\\/de\\\/#website\",\"url\":\"https:\\\/\\\/www.saly.com.tr\\\/de\\\/\",\"name\":\"SALY Karavan\",\"description\":\"Adresini Kendin Se\u00e7!\",\"publisher\":{\"@id\":\"https:\\\/\\\/www.saly.com.tr\\\/de\\\/#organization\"},\"potentialAction\":[{\"@type\":\"SearchAction\",\"target\":{\"@type\":\"EntryPoint\",\"urlTemplate\":\"https:\\\/\\\/www.saly.com.tr\\\/de\\\/?s={search_term_string}\"},\"query-input\":{\"@type\":\"PropertyValueSpecification\",\"valueRequired\":true,\"valueName\":\"search_term_string\"}}],\"inLanguage\":\"de\"},{\"@type\":\"Organization\",\"@id\":\"https:\\\/\\\/www.saly.com.tr\\\/de\\\/#organization\",\"name\":\"SALY Karavan\",\"url\":\"https:\\\/\\\/www.saly.com.tr\\\/de\\\/\",\"logo\":{\"@type\":\"ImageObject\",\"inLanguage\":\"de\",\"@id\":\"https:\\\/\\\/www.saly.com.tr\\\/de\\\/#\\\/schema\\\/logo\\\/image\\\/\",\"url\":\"https:\\\/\\\/www.saly.com.tr\\\/wp-content\\\/uploads\\\/2024\\\/06\\\/saly-caravan-logo-web.png\",\"contentUrl\":\"https:\\\/\\\/www.saly.com.tr\\\/wp-content\\\/uploads\\\/2024\\\/06\\\/saly-caravan-logo-web.png\",\"width\":200,\"height\":50,\"caption\":\"SALY Karavan\"},\"image\":{\"@id\":\"https:\\\/\\\/www.saly.com.tr\\\/de\\\/#\\\/schema\\\/logo\\\/image\\\/\"},\"sameAs\":[\"https:\\\/\\\/www.facebook.com\\\/salycaravan\",\"https:\\\/\\\/x.com\\\/salycaravan\",\"https:\\\/\\\/www.instagram.com\\\/salycaravan\"],\"email\":\"info@saly.com.tr\",\"telephone\":\"+902643193050\",\"legalName\":\"SALY Caravan\",\"foundingDate\":\"1997-01-01\",\"numberOfEmployees\":{\"@type\":\"QuantitativeValue\",\"minValue\":\"51\",\"maxValue\":\"200\"}}]}<\/script>\n<!-- \/ Yoast SEO Premium plugin. -->","yoast_head_json":{"title":"Cerion Vanus 640H &#187; SALY Karavan","description":"Cerion Vanus 640H SALY Karavan","robots":{"index":"index","follow":"follow","max-snippet":"max-snippet:-1","max-image-preview":"max-image-preview:large","max-video-preview":"max-video-preview:-1"},"canonical":"https:\/\/www.saly.com.tr\/de\/kastenwagen-modelle\/cerion-vanus-640h\/","og_locale":"de_DE","og_type":"article","og_title":"Cerion Vanus 640H &#187; SALY Karavan","og_description":"Cerion Vanus 640H SALY Karavan","og_url":"https:\/\/www.saly.com.tr\/de\/kastenwagen-modelle\/cerion-vanus-640h\/","og_site_name":"SALY Karavan","article_publisher":"https:\/\/www.facebook.com\/salycaravan","article_modified_time":"2024-07-20T12:44:03+00:00","og_image":[{"width":2560,"height":1707,"url":"https:\/\/www.saly.com.tr\/wp-content\/uploads\/2024\/04\/SALY-Cerion-Vanus-640H-Camper-Van-6-scaled.jpg","type":"image\/jpeg"}],"twitter_card":"summary_large_image","twitter_site":"@salycaravan","twitter_misc":{"Gesch\u00e4tzte Lesezeit":"4\u00a0Minuten"},"schema":{"@context":"https:\/\/schema.org","@graph":[{"@type":"WebPage","@id":"https:\/\/www.saly.com.tr\/de\/kastenwagen-modelle\/cerion-vanus-640h\/","url":"https:\/\/www.saly.com.tr\/de\/kastenwagen-modelle\/cerion-vanus-640h\/","name":"Cerion Vanus 640H &#187; SALY Karavan","isPartOf":{"@id":"https:\/\/www.saly.com.tr\/de\/#website"},"primaryImageOfPage":{"@id":"https:\/\/www.saly.com.tr\/de\/kastenwagen-modelle\/cerion-vanus-640h\/#primaryimage"},"image":{"@id":"https:\/\/www.saly.com.tr\/de\/kastenwagen-modelle\/cerion-vanus-640h\/#primaryimage"},"thumbnailUrl":"https:\/\/www.saly.com.tr\/wp-content\/uploads\/2024\/04\/SALY-Cerion-Vanus-640H-Camper-Van-6-scaled.jpg","datePublished":"2024-05-02T20:51:13+00:00","dateModified":"2024-07-20T12:44:03+00:00","description":"Cerion Vanus 640H SALY Karavan","breadcrumb":{"@id":"https:\/\/www.saly.com.tr\/de\/kastenwagen-modelle\/cerion-vanus-640h\/#breadcrumb"},"inLanguage":"de","potentialAction":[{"@type":"ReadAction","target":["https:\/\/www.saly.com.tr\/de\/kastenwagen-modelle\/cerion-vanus-640h\/"]}]},{"@type":"ImageObject","inLanguage":"de","@id":"https:\/\/www.saly.com.tr\/de\/kastenwagen-modelle\/cerion-vanus-640h\/#primaryimage","url":"https:\/\/www.saly.com.tr\/wp-content\/uploads\/2024\/04\/SALY-Cerion-Vanus-640H-Camper-Van-6-scaled.jpg","contentUrl":"https:\/\/www.saly.com.tr\/wp-content\/uploads\/2024\/04\/SALY-Cerion-Vanus-640H-Camper-Van-6-scaled.jpg","width":2560,"height":1707},{"@type":"BreadcrumbList","@id":"https:\/\/www.saly.com.tr\/de\/kastenwagen-modelle\/cerion-vanus-640h\/#breadcrumb","itemListElement":[{"@type":"ListItem","position":1,"name":"Home","item":"https:\/\/www.saly.com.tr\/de\/homepage\/"},{"@type":"ListItem","position":2,"name":"Kastenwagen","item":"https:\/\/www.saly.com.tr\/de\/kastenwagen-modelle\/"},{"@type":"ListItem","position":3,"name":"Cerion Vanus 640H"}]},{"@type":"WebSite","@id":"https:\/\/www.saly.com.tr\/de\/#website","url":"https:\/\/www.saly.com.tr\/de\/","name":"SALY Karavan","description":"Adresini Kendin Se\u00e7!","publisher":{"@id":"https:\/\/www.saly.com.tr\/de\/#organization"},"potentialAction":[{"@type":"SearchAction","target":{"@type":"EntryPoint","urlTemplate":"https:\/\/www.saly.com.tr\/de\/?s={search_term_string}"},"query-input":{"@type":"PropertyValueSpecification","valueRequired":true,"valueName":"search_term_string"}}],"inLanguage":"de"},{"@type":"Organization","@id":"https:\/\/www.saly.com.tr\/de\/#organization","name":"SALY Karavan","url":"https:\/\/www.saly.com.tr\/de\/","logo":{"@type":"ImageObject","inLanguage":"de","@id":"https:\/\/www.saly.com.tr\/de\/#\/schema\/logo\/image\/","url":"https:\/\/www.saly.com.tr\/wp-content\/uploads\/2024\/06\/saly-caravan-logo-web.png","contentUrl":"https:\/\/www.saly.com.tr\/wp-content\/uploads\/2024\/06\/saly-caravan-logo-web.png","width":200,"height":50,"caption":"SALY Karavan"},"image":{"@id":"https:\/\/www.saly.com.tr\/de\/#\/schema\/logo\/image\/"},"sameAs":["https:\/\/www.facebook.com\/salycaravan","https:\/\/x.com\/salycaravan","https:\/\/www.instagram.com\/salycaravan"],"email":"info@saly.com.tr","telephone":"+902643193050","legalName":"SALY Caravan","foundingDate":"1997-01-01","numberOfEmployees":{"@type":"QuantitativeValue","minValue":"51","maxValue":"200"}}]}},"_links":{"self":[{"href":"https:\/\/www.saly.com.tr\/de\/wp-json\/wp\/v2\/pages\/8374","targetHints":{"allow":["GET"]}}],"collection":[{"href":"https:\/\/www.saly.com.tr\/de\/wp-json\/wp\/v2\/pages"}],"about":[{"href":"https:\/\/www.saly.com.tr\/de\/wp-json\/wp\/v2\/types\/page"}],"author":[{"embeddable":true,"href":"https:\/\/www.saly.com.tr\/de\/wp-json\/wp\/v2\/users\/1"}],"replies":[{"embeddable":true,"href":"https:\/\/www.saly.com.tr\/de\/wp-json\/wp\/v2\/comments?post=8374"}],"version-history":[{"count":2,"href":"https:\/\/www.saly.com.tr\/de\/wp-json\/wp\/v2\/pages\/8374\/revisions"}],"predecessor-version":[{"id":8378,"href":"https:\/\/www.saly.com.tr\/de\/wp-json\/wp\/v2\/pages\/8374\/revisions\/8378"}],"up":[{"embeddable":true,"href":"https:\/\/www.saly.com.tr\/de\/wp-json\/wp\/v2\/pages\/7745"}],"wp:featuredmedia":[{"embeddable":true,"href":"https:\/\/www.saly.com.tr\/de\/wp-json\/wp\/v2\/media\/3891"}],"wp:attachment":[{"href":"https:\/\/www.saly.com.tr\/de\/wp-json\/wp\/v2\/media?parent=8374"}],"curies":[{"name":"wp","href":"https:\/\/api.w.org\/{rel}","templated":true}]}}