{"id":8430,"date":"2024-05-02T22:55:58","date_gmt":"2024-05-02T19:55:58","guid":{"rendered":"https:\/\/www.saly.com.tr\/camper-van\/voamer\/"},"modified":"2024-11-06T21:31:44","modified_gmt":"2024-11-06T18:31:44","slug":"voamer","status":"publish","type":"page","link":"https:\/\/www.saly.com.tr\/es\/modelos-de-furgoneta-camper\/voamer\/","title":{"rendered":"Voamer"},"content":{"rendered":"\t\t<div data-elementor-type=\"wp-page\" data-elementor-id=\"8430\" class=\"elementor elementor-8430 elementor-1376\" data-elementor-post-type=\"page\">\n\t\t\t\t<div class=\"elementor-element elementor-element-970fb65 e-con-full e-flex e-con e-parent\" data-id=\"970fb65\" data-element_type=\"container\" data-e-type=\"container\">\n\t\t\t\t<div class=\"elementor-element elementor-element-fc61ff8 elementor-widget elementor-widget-image\" data-id=\"fc61ff8\" data-element_type=\"widget\" data-e-type=\"widget\" data-widget_type=\"image.default\">\n\t\t\t\t<div class=\"elementor-widget-container\">\n\t\t\t\t\t\t\t\t\t\t\t\t\t\t\t<img decoding=\"async\" data-src=\"https:\/\/www.saly.com.tr\/wp-content\/uploads\/elementor\/thumbs\/VOAMER-VW-Transporter-Camper-Van-1-scaled-qn8ia8hnrey6hgfj441841nyx64zsuqbg1it68jdjs.jpg\" title=\"VOAMER VW Transporter Camper Van-1\" alt=\"VOAMER VW Transporter Camper Van-1\" src=\"data:image\/svg+xml;base64,PHN2ZyB3aWR0aD0iMSIgaGVpZ2h0PSIxIiB4bWxucz0iaHR0cDovL3d3dy53My5vcmcvMjAwMC9zdmciPjwvc3ZnPg==\" class=\"lazyload\" style=\"--smush-placeholder-width: 1920px; --smush-placeholder-aspect-ratio: 1920\/700;\" \/>\t\t\t\t\t\t\t\t\t\t\t\t\t\t\t<\/div>\n\t\t\t\t<\/div>\n\t\t\t\t<\/div>\n\t\t\t\t<section class=\"elementor-section elementor-top-section elementor-element elementor-element-ecd57e0 elementor-section-stretched elementor-section-full_width elementor-section-height-default elementor-section-height-default\" data-id=\"ecd57e0\" data-element_type=\"section\" data-e-type=\"section\" data-settings=\"{&quot;stretch_section&quot;:&quot;section-stretched&quot;}\">\n\t\t\t\t\t\t<div class=\"elementor-container elementor-column-gap-wider\">\n\t\t\t\t\t<div class=\"elementor-column elementor-col-100 elementor-top-column elementor-element elementor-element-f0900f8\" data-id=\"f0900f8\" data-element_type=\"column\" data-e-type=\"column\">\n\t\t\t<div class=\"elementor-widget-wrap elementor-element-populated\">\n\t\t\t\t\t\t<div class=\"elementor-element elementor-element-d85b764 elementor-widget elementor-widget-heading\" data-id=\"d85b764\" data-element_type=\"widget\" data-e-type=\"widget\" data-widget_type=\"heading.default\">\n\t\t\t\t<div class=\"elementor-widget-container\">\n\t\t\t\t\t<h3 class=\"elementor-heading-title elementor-size-default\">Voamer<\/h3>\t\t\t\t<\/div>\n\t\t\t\t<\/div>\n\t\t\t\t<div class=\"elementor-element elementor-element-a8366d9 elementor-widget elementor-widget-text-editor\" data-id=\"a8366d9\" data-element_type=\"widget\" data-e-type=\"widget\" data-widget_type=\"text-editor.default\">\n\t\t\t\t<div class=\"elementor-widget-container\">\n\t\t\t\t\t\t\t\t\t<p>Furgoneta camper que puede acompa\u00f1arte tanto en el uso diario como en acampada: VOAMER.<\/p>\n\t\t\t\t\t\t\t\t<\/div>\n\t\t\t\t<\/div>\n\t\t\t\t<div class=\"elementor-element elementor-element-98a967b elementor-widget elementor-widget-gallery\" data-id=\"98a967b\" data-element_type=\"widget\" data-e-type=\"widget\" data-settings=\"{&quot;lazyload&quot;:&quot;yes&quot;,&quot;gallery_layout&quot;:&quot;grid&quot;,&quot;columns&quot;:4,&quot;columns_tablet&quot;:2,&quot;columns_mobile&quot;:1,&quot;gap&quot;:{&quot;unit&quot;:&quot;px&quot;,&quot;size&quot;:10,&quot;sizes&quot;:[]},&quot;gap_tablet&quot;:{&quot;unit&quot;:&quot;px&quot;,&quot;size&quot;:10,&quot;sizes&quot;:[]},&quot;gap_mobile&quot;:{&quot;unit&quot;:&quot;px&quot;,&quot;size&quot;:10,&quot;sizes&quot;:[]},&quot;link_to&quot;:&quot;file&quot;,&quot;aspect_ratio&quot;:&quot;3:2&quot;,&quot;overlay_background&quot;:&quot;yes&quot;,&quot;content_hover_animation&quot;:&quot;fade-in&quot;}\" data-widget_type=\"gallery.default\">\n\t\t\t\t<div class=\"elementor-widget-container\">\n\t\t\t\t\t\t\t<div class=\"elementor-gallery__container\">\n\t\t\t\t\t\t\t<a class=\"e-gallery-item elementor-gallery-item elementor-animated-content\" href=\"https:\/\/www.saly.com.tr\/wp-content\/uploads\/2024\/04\/VOAMER-VW-Transporter-Camper-Van-1-scaled.jpg\" data-elementor-open-lightbox=\"yes\" data-elementor-lightbox-slideshow=\"98a967b\" data-elementor-lightbox-title=\"VOAMER VW Transporter Camper Van-1\" data-e-action-hash=\"#elementor-action%3Aaction%3Dlightbox%26settings%3DeyJpZCI6MzQ0OCwidXJsIjoiaHR0cHM6XC9cL3d3dy5zYWx5LmNvbS50clwvd3AtY29udGVudFwvdXBsb2Fkc1wvMjAyNFwvMDRcL1ZPQU1FUi1WVy1UcmFuc3BvcnRlci1DYW1wZXItVmFuLTEtc2NhbGVkLmpwZyIsInNsaWRlc2hvdyI6Ijk4YTk2N2IifQ%3D%3D\">\n\t\t\t\t\t<div class=\"e-gallery-image elementor-gallery-item__image\" data-thumbnail=\"https:\/\/www.saly.com.tr\/wp-content\/uploads\/2024\/04\/VOAMER-VW-Transporter-Camper-Van-1-960x780.jpg\" data-width=\"960\" data-height=\"780\" aria-label=\"\" role=\"img\" ><\/div>\n\t\t\t\t\t\t\t\t\t\t\t<div class=\"elementor-gallery-item__overlay\"><\/div>\n\t\t\t\t\t\t\t\t\t\t\t\t\t\t<\/a>\n\t\t\t\t\t\t\t<a class=\"e-gallery-item elementor-gallery-item elementor-animated-content\" href=\"https:\/\/www.saly.com.tr\/wp-content\/uploads\/2024\/04\/VOAMER-VW-Transporter-Camper-Van-2-scaled.jpg\" data-elementor-open-lightbox=\"yes\" data-elementor-lightbox-slideshow=\"98a967b\" data-elementor-lightbox-title=\"VOAMER VW Transporter Camper Van-2\" data-e-action-hash=\"#elementor-action%3Aaction%3Dlightbox%26settings%3DeyJpZCI6MzQ1MywidXJsIjoiaHR0cHM6XC9cL3d3dy5zYWx5LmNvbS50clwvd3AtY29udGVudFwvdXBsb2Fkc1wvMjAyNFwvMDRcL1ZPQU1FUi1WVy1UcmFuc3BvcnRlci1DYW1wZXItVmFuLTItc2NhbGVkLmpwZyIsInNsaWRlc2hvdyI6Ijk4YTk2N2IifQ%3D%3D\">\n\t\t\t\t\t<div class=\"e-gallery-image elementor-gallery-item__image\" data-thumbnail=\"https:\/\/www.saly.com.tr\/wp-content\/uploads\/2024\/04\/VOAMER-VW-Transporter-Camper-Van-2-960x780.jpg\" data-width=\"960\" data-height=\"780\" aria-label=\"\" role=\"img\" ><\/div>\n\t\t\t\t\t\t\t\t\t\t\t<div class=\"elementor-gallery-item__overlay\"><\/div>\n\t\t\t\t\t\t\t\t\t\t\t\t\t\t<\/a>\n\t\t\t\t\t\t\t<a class=\"e-gallery-item elementor-gallery-item elementor-animated-content\" href=\"https:\/\/www.saly.com.tr\/wp-content\/uploads\/2024\/04\/VOAMER-VW-Transporter-Camper-Van-4-scaled.jpg\" data-elementor-open-lightbox=\"yes\" data-elementor-lightbox-slideshow=\"98a967b\" data-elementor-lightbox-title=\"VOAMER VW Transporter Camper Van-4\" data-e-action-hash=\"#elementor-action%3Aaction%3Dlightbox%26settings%3DeyJpZCI6MzQ2MywidXJsIjoiaHR0cHM6XC9cL3d3dy5zYWx5LmNvbS50clwvd3AtY29udGVudFwvdXBsb2Fkc1wvMjAyNFwvMDRcL1ZPQU1FUi1WVy1UcmFuc3BvcnRlci1DYW1wZXItVmFuLTQtc2NhbGVkLmpwZyIsInNsaWRlc2hvdyI6Ijk4YTk2N2IifQ%3D%3D\">\n\t\t\t\t\t<div class=\"e-gallery-image elementor-gallery-item__image\" data-thumbnail=\"https:\/\/www.saly.com.tr\/wp-content\/uploads\/2024\/04\/VOAMER-VW-Transporter-Camper-Van-4-960x780.jpg\" data-width=\"960\" data-height=\"780\" aria-label=\"\" role=\"img\" ><\/div>\n\t\t\t\t\t\t\t\t\t\t\t<div class=\"elementor-gallery-item__overlay\"><\/div>\n\t\t\t\t\t\t\t\t\t\t\t\t\t\t<\/a>\n\t\t\t\t\t\t\t<a class=\"e-gallery-item elementor-gallery-item elementor-animated-content\" href=\"https:\/\/www.saly.com.tr\/wp-content\/uploads\/2024\/04\/VOAMER-VW-Transporter-Camper-Van-10-scaled.jpg\" data-elementor-open-lightbox=\"yes\" data-elementor-lightbox-slideshow=\"98a967b\" data-elementor-lightbox-title=\"VOAMER VW Transporter Camper Van-10\" data-e-action-hash=\"#elementor-action%3Aaction%3Dlightbox%26settings%3DeyJpZCI6MzQ5MywidXJsIjoiaHR0cHM6XC9cL3d3dy5zYWx5LmNvbS50clwvd3AtY29udGVudFwvdXBsb2Fkc1wvMjAyNFwvMDRcL1ZPQU1FUi1WVy1UcmFuc3BvcnRlci1DYW1wZXItVmFuLTEwLXNjYWxlZC5qcGciLCJzbGlkZXNob3ciOiI5OGE5NjdiIn0%3D\">\n\t\t\t\t\t<div class=\"e-gallery-image elementor-gallery-item__image\" data-thumbnail=\"https:\/\/www.saly.com.tr\/wp-content\/uploads\/2024\/04\/VOAMER-VW-Transporter-Camper-Van-10-960x780.jpg\" data-width=\"960\" data-height=\"780\" aria-label=\"\" role=\"img\" ><\/div>\n\t\t\t\t\t\t\t\t\t\t\t<div class=\"elementor-gallery-item__overlay\"><\/div>\n\t\t\t\t\t\t\t\t\t\t\t\t\t\t<\/a>\n\t\t\t\t\t\t\t<a class=\"e-gallery-item elementor-gallery-item elementor-animated-content\" href=\"https:\/\/www.saly.com.tr\/wp-content\/uploads\/2024\/04\/VOAMER-VW-Transporter-Camper-Van-7-scaled.jpg\" data-elementor-open-lightbox=\"yes\" data-elementor-lightbox-slideshow=\"98a967b\" data-elementor-lightbox-title=\"VOAMER VW Transporter Camper Van-7\" data-e-action-hash=\"#elementor-action%3Aaction%3Dlightbox%26settings%3DeyJpZCI6MzQ3OCwidXJsIjoiaHR0cHM6XC9cL3d3dy5zYWx5LmNvbS50clwvd3AtY29udGVudFwvdXBsb2Fkc1wvMjAyNFwvMDRcL1ZPQU1FUi1WVy1UcmFuc3BvcnRlci1DYW1wZXItVmFuLTctc2NhbGVkLmpwZyIsInNsaWRlc2hvdyI6Ijk4YTk2N2IifQ%3D%3D\">\n\t\t\t\t\t<div class=\"e-gallery-image elementor-gallery-item__image\" data-thumbnail=\"https:\/\/www.saly.com.tr\/wp-content\/uploads\/2024\/04\/VOAMER-VW-Transporter-Camper-Van-7-960x780.jpg\" data-width=\"960\" data-height=\"780\" aria-label=\"\" role=\"img\" ><\/div>\n\t\t\t\t\t\t\t\t\t\t\t<div class=\"elementor-gallery-item__overlay\"><\/div>\n\t\t\t\t\t\t\t\t\t\t\t\t\t\t<\/a>\n\t\t\t\t\t\t\t<a class=\"e-gallery-item elementor-gallery-item elementor-animated-content\" href=\"https:\/\/www.saly.com.tr\/wp-content\/uploads\/2024\/04\/VOAMER-VW-Transporter-Camper-Van-8-scaled.jpg\" data-elementor-open-lightbox=\"yes\" data-elementor-lightbox-slideshow=\"98a967b\" data-elementor-lightbox-title=\"VOAMER VW Transporter Camper Van-8\" data-e-action-hash=\"#elementor-action%3Aaction%3Dlightbox%26settings%3DeyJpZCI6MzQ4MywidXJsIjoiaHR0cHM6XC9cL3d3dy5zYWx5LmNvbS50clwvd3AtY29udGVudFwvdXBsb2Fkc1wvMjAyNFwvMDRcL1ZPQU1FUi1WVy1UcmFuc3BvcnRlci1DYW1wZXItVmFuLTgtc2NhbGVkLmpwZyIsInNsaWRlc2hvdyI6Ijk4YTk2N2IifQ%3D%3D\">\n\t\t\t\t\t<div class=\"e-gallery-image elementor-gallery-item__image\" data-thumbnail=\"https:\/\/www.saly.com.tr\/wp-content\/uploads\/2024\/04\/VOAMER-VW-Transporter-Camper-Van-8-960x780.jpg\" data-width=\"960\" data-height=\"780\" aria-label=\"\" role=\"img\" ><\/div>\n\t\t\t\t\t\t\t\t\t\t\t<div class=\"elementor-gallery-item__overlay\"><\/div>\n\t\t\t\t\t\t\t\t\t\t\t\t\t\t<\/a>\n\t\t\t\t\t\t\t<a class=\"e-gallery-item elementor-gallery-item elementor-animated-content\" href=\"https:\/\/www.saly.com.tr\/wp-content\/uploads\/2024\/04\/VOAMER-VW-Transporter-Camper-Van-9-scaled.jpg\" data-elementor-open-lightbox=\"yes\" data-elementor-lightbox-slideshow=\"98a967b\" data-elementor-lightbox-title=\"VOAMER VW Transporter Camper Van-9\" data-e-action-hash=\"#elementor-action%3Aaction%3Dlightbox%26settings%3DeyJpZCI6MzQ4OCwidXJsIjoiaHR0cHM6XC9cL3d3dy5zYWx5LmNvbS50clwvd3AtY29udGVudFwvdXBsb2Fkc1wvMjAyNFwvMDRcL1ZPQU1FUi1WVy1UcmFuc3BvcnRlci1DYW1wZXItVmFuLTktc2NhbGVkLmpwZyIsInNsaWRlc2hvdyI6Ijk4YTk2N2IifQ%3D%3D\">\n\t\t\t\t\t<div class=\"e-gallery-image elementor-gallery-item__image\" data-thumbnail=\"https:\/\/www.saly.com.tr\/wp-content\/uploads\/2024\/04\/VOAMER-VW-Transporter-Camper-Van-9-960x780.jpg\" data-width=\"960\" data-height=\"780\" aria-label=\"\" role=\"img\" ><\/div>\n\t\t\t\t\t\t\t\t\t\t\t<div class=\"elementor-gallery-item__overlay\"><\/div>\n\t\t\t\t\t\t\t\t\t\t\t\t\t\t<\/a>\n\t\t\t\t\t\t\t<a class=\"e-gallery-item elementor-gallery-item elementor-animated-content\" href=\"https:\/\/www.saly.com.tr\/wp-content\/uploads\/2024\/04\/VOAMER-VW-Transporter-Camper-Van-6-scaled.jpg\" data-elementor-open-lightbox=\"yes\" data-elementor-lightbox-slideshow=\"98a967b\" data-elementor-lightbox-title=\"VOAMER VW Transporter Camper Van-6\" data-e-action-hash=\"#elementor-action%3Aaction%3Dlightbox%26settings%3DeyJpZCI6MzQ3MywidXJsIjoiaHR0cHM6XC9cL3d3dy5zYWx5LmNvbS50clwvd3AtY29udGVudFwvdXBsb2Fkc1wvMjAyNFwvMDRcL1ZPQU1FUi1WVy1UcmFuc3BvcnRlci1DYW1wZXItVmFuLTYtc2NhbGVkLmpwZyIsInNsaWRlc2hvdyI6Ijk4YTk2N2IifQ%3D%3D\">\n\t\t\t\t\t<div class=\"e-gallery-image elementor-gallery-item__image\" data-thumbnail=\"https:\/\/www.saly.com.tr\/wp-content\/uploads\/2024\/04\/VOAMER-VW-Transporter-Camper-Van-6-960x780.jpg\" data-width=\"960\" data-height=\"780\" aria-label=\"\" role=\"img\" ><\/div>\n\t\t\t\t\t\t\t\t\t\t\t<div class=\"elementor-gallery-item__overlay\"><\/div>\n\t\t\t\t\t\t\t\t\t\t\t\t\t\t<\/a>\n\t\t\t\t\t\t\t<a class=\"e-gallery-item elementor-gallery-item elementor-animated-content\" href=\"https:\/\/www.saly.com.tr\/wp-content\/uploads\/2024\/04\/VOAMER-VW-Transporter-Camper-Van-5-scaled.jpg\" data-elementor-open-lightbox=\"yes\" data-elementor-lightbox-slideshow=\"98a967b\" data-elementor-lightbox-title=\"VOAMER VW Transporter Camper Van-5\" data-e-action-hash=\"#elementor-action%3Aaction%3Dlightbox%26settings%3DeyJpZCI6MzQ2OCwidXJsIjoiaHR0cHM6XC9cL3d3dy5zYWx5LmNvbS50clwvd3AtY29udGVudFwvdXBsb2Fkc1wvMjAyNFwvMDRcL1ZPQU1FUi1WVy1UcmFuc3BvcnRlci1DYW1wZXItVmFuLTUtc2NhbGVkLmpwZyIsInNsaWRlc2hvdyI6Ijk4YTk2N2IifQ%3D%3D\">\n\t\t\t\t\t<div class=\"e-gallery-image elementor-gallery-item__image\" data-thumbnail=\"https:\/\/www.saly.com.tr\/wp-content\/uploads\/2024\/04\/VOAMER-VW-Transporter-Camper-Van-5-960x780.jpg\" data-width=\"960\" data-height=\"780\" aria-label=\"\" role=\"img\" ><\/div>\n\t\t\t\t\t\t\t\t\t\t\t<div class=\"elementor-gallery-item__overlay\"><\/div>\n\t\t\t\t\t\t\t\t\t\t\t\t\t\t<\/a>\n\t\t\t\t\t\t\t<a class=\"e-gallery-item elementor-gallery-item elementor-animated-content\" href=\"https:\/\/www.saly.com.tr\/wp-content\/uploads\/2024\/04\/VOAMER-VW-Transporter-Camper-Van-3-scaled.jpg\" data-elementor-open-lightbox=\"yes\" data-elementor-lightbox-slideshow=\"98a967b\" data-elementor-lightbox-title=\"VOAMER VW Transporter Camper Van-3\" data-e-action-hash=\"#elementor-action%3Aaction%3Dlightbox%26settings%3DeyJpZCI6MzQ1OCwidXJsIjoiaHR0cHM6XC9cL3d3dy5zYWx5LmNvbS50clwvd3AtY29udGVudFwvdXBsb2Fkc1wvMjAyNFwvMDRcL1ZPQU1FUi1WVy1UcmFuc3BvcnRlci1DYW1wZXItVmFuLTMtc2NhbGVkLmpwZyIsInNsaWRlc2hvdyI6Ijk4YTk2N2IifQ%3D%3D\">\n\t\t\t\t\t<div class=\"e-gallery-image elementor-gallery-item__image\" data-thumbnail=\"https:\/\/www.saly.com.tr\/wp-content\/uploads\/2024\/04\/VOAMER-VW-Transporter-Camper-Van-3-960x780.jpg\" data-width=\"960\" data-height=\"780\" aria-label=\"\" role=\"img\" ><\/div>\n\t\t\t\t\t\t\t\t\t\t\t<div class=\"elementor-gallery-item__overlay\"><\/div>\n\t\t\t\t\t\t\t\t\t\t\t\t\t\t<\/a>\n\t\t\t\t\t\t\t<a class=\"e-gallery-item elementor-gallery-item elementor-animated-content\" href=\"https:\/\/www.saly.com.tr\/wp-content\/uploads\/2024\/04\/VOAMER-VW-Transporter-Camper-Van-20-scaled.jpg\" data-elementor-open-lightbox=\"yes\" data-elementor-lightbox-slideshow=\"98a967b\" data-elementor-lightbox-title=\"VOAMER VW Transporter Camper Van-20\" data-e-action-hash=\"#elementor-action%3Aaction%3Dlightbox%26settings%3DeyJpZCI6MzU0MywidXJsIjoiaHR0cHM6XC9cL3d3dy5zYWx5LmNvbS50clwvd3AtY29udGVudFwvdXBsb2Fkc1wvMjAyNFwvMDRcL1ZPQU1FUi1WVy1UcmFuc3BvcnRlci1DYW1wZXItVmFuLTIwLXNjYWxlZC5qcGciLCJzbGlkZXNob3ciOiI5OGE5NjdiIn0%3D\">\n\t\t\t\t\t<div class=\"e-gallery-image elementor-gallery-item__image\" data-thumbnail=\"https:\/\/www.saly.com.tr\/wp-content\/uploads\/2024\/04\/VOAMER-VW-Transporter-Camper-Van-20-960x780.jpg\" data-width=\"960\" data-height=\"780\" aria-label=\"\" role=\"img\" ><\/div>\n\t\t\t\t\t\t\t\t\t\t\t<div class=\"elementor-gallery-item__overlay\"><\/div>\n\t\t\t\t\t\t\t\t\t\t\t\t\t\t<\/a>\n\t\t\t\t\t\t\t<a class=\"e-gallery-item elementor-gallery-item elementor-animated-content\" href=\"https:\/\/www.saly.com.tr\/wp-content\/uploads\/2024\/04\/VOAMER-VW-Transporter-Camper-Van-21-scaled.jpg\" data-elementor-open-lightbox=\"yes\" data-elementor-lightbox-slideshow=\"98a967b\" data-elementor-lightbox-title=\"VOAMER VW Transporter Camper Van-21\" data-e-action-hash=\"#elementor-action%3Aaction%3Dlightbox%26settings%3DeyJpZCI6MzU0OCwidXJsIjoiaHR0cHM6XC9cL3d3dy5zYWx5LmNvbS50clwvd3AtY29udGVudFwvdXBsb2Fkc1wvMjAyNFwvMDRcL1ZPQU1FUi1WVy1UcmFuc3BvcnRlci1DYW1wZXItVmFuLTIxLXNjYWxlZC5qcGciLCJzbGlkZXNob3ciOiI5OGE5NjdiIn0%3D\">\n\t\t\t\t\t<div class=\"e-gallery-image elementor-gallery-item__image\" data-thumbnail=\"https:\/\/www.saly.com.tr\/wp-content\/uploads\/2024\/04\/VOAMER-VW-Transporter-Camper-Van-21-960x780.jpg\" data-width=\"960\" data-height=\"780\" aria-label=\"\" role=\"img\" ><\/div>\n\t\t\t\t\t\t\t\t\t\t\t<div class=\"elementor-gallery-item__overlay\"><\/div>\n\t\t\t\t\t\t\t\t\t\t\t\t\t\t<\/a>\n\t\t\t\t\t\t\t<a class=\"e-gallery-item elementor-gallery-item elementor-animated-content\" href=\"https:\/\/www.saly.com.tr\/wp-content\/uploads\/2024\/04\/VOAMER-VW-Transporter-Camper-Van-23-scaled.jpg\" data-elementor-open-lightbox=\"yes\" data-elementor-lightbox-slideshow=\"98a967b\" data-elementor-lightbox-title=\"VOAMER VW Transporter Camper Van-23\" data-e-action-hash=\"#elementor-action%3Aaction%3Dlightbox%26settings%3DeyJpZCI6MzU1OCwidXJsIjoiaHR0cHM6XC9cL3d3dy5zYWx5LmNvbS50clwvd3AtY29udGVudFwvdXBsb2Fkc1wvMjAyNFwvMDRcL1ZPQU1FUi1WVy1UcmFuc3BvcnRlci1DYW1wZXItVmFuLTIzLXNjYWxlZC5qcGciLCJzbGlkZXNob3ciOiI5OGE5NjdiIn0%3D\">\n\t\t\t\t\t<div class=\"e-gallery-image elementor-gallery-item__image\" data-thumbnail=\"https:\/\/www.saly.com.tr\/wp-content\/uploads\/2024\/04\/VOAMER-VW-Transporter-Camper-Van-23-960x780.jpg\" data-width=\"960\" data-height=\"780\" aria-label=\"\" role=\"img\" ><\/div>\n\t\t\t\t\t\t\t\t\t\t\t<div class=\"elementor-gallery-item__overlay\"><\/div>\n\t\t\t\t\t\t\t\t\t\t\t\t\t\t<\/a>\n\t\t\t\t\t\t\t<a class=\"e-gallery-item elementor-gallery-item elementor-animated-content\" href=\"https:\/\/www.saly.com.tr\/wp-content\/uploads\/2024\/04\/VOAMER-VW-Transporter-Camper-Van-22-scaled.jpg\" data-elementor-open-lightbox=\"yes\" data-elementor-lightbox-slideshow=\"98a967b\" data-elementor-lightbox-title=\"VOAMER VW Transporter Camper Van-22\" data-e-action-hash=\"#elementor-action%3Aaction%3Dlightbox%26settings%3DeyJpZCI6MzU1MywidXJsIjoiaHR0cHM6XC9cL3d3dy5zYWx5LmNvbS50clwvd3AtY29udGVudFwvdXBsb2Fkc1wvMjAyNFwvMDRcL1ZPQU1FUi1WVy1UcmFuc3BvcnRlci1DYW1wZXItVmFuLTIyLXNjYWxlZC5qcGciLCJzbGlkZXNob3ciOiI5OGE5NjdiIn0%3D\">\n\t\t\t\t\t<div class=\"e-gallery-image elementor-gallery-item__image\" data-thumbnail=\"https:\/\/www.saly.com.tr\/wp-content\/uploads\/2024\/04\/VOAMER-VW-Transporter-Camper-Van-22-960x780.jpg\" data-width=\"960\" data-height=\"780\" aria-label=\"\" role=\"img\" ><\/div>\n\t\t\t\t\t\t\t\t\t\t\t<div class=\"elementor-gallery-item__overlay\"><\/div>\n\t\t\t\t\t\t\t\t\t\t\t\t\t\t<\/a>\n\t\t\t\t\t\t\t<a class=\"e-gallery-item elementor-gallery-item elementor-animated-content\" href=\"https:\/\/www.saly.com.tr\/wp-content\/uploads\/2024\/04\/VOAMER-VW-Transporter-Camper-Van-17-scaled.jpg\" data-elementor-open-lightbox=\"yes\" data-elementor-lightbox-slideshow=\"98a967b\" data-elementor-lightbox-title=\"VOAMER VW Transporter Camper Van-17\" data-e-action-hash=\"#elementor-action%3Aaction%3Dlightbox%26settings%3DeyJpZCI6MzUyOCwidXJsIjoiaHR0cHM6XC9cL3d3dy5zYWx5LmNvbS50clwvd3AtY29udGVudFwvdXBsb2Fkc1wvMjAyNFwvMDRcL1ZPQU1FUi1WVy1UcmFuc3BvcnRlci1DYW1wZXItVmFuLTE3LXNjYWxlZC5qcGciLCJzbGlkZXNob3ciOiI5OGE5NjdiIn0%3D\">\n\t\t\t\t\t<div class=\"e-gallery-image elementor-gallery-item__image\" data-thumbnail=\"https:\/\/www.saly.com.tr\/wp-content\/uploads\/2024\/04\/VOAMER-VW-Transporter-Camper-Van-17-960x780.jpg\" data-width=\"960\" data-height=\"780\" aria-label=\"\" role=\"img\" ><\/div>\n\t\t\t\t\t\t\t\t\t\t\t<div class=\"elementor-gallery-item__overlay\"><\/div>\n\t\t\t\t\t\t\t\t\t\t\t\t\t\t<\/a>\n\t\t\t\t\t\t\t<a class=\"e-gallery-item elementor-gallery-item elementor-animated-content\" href=\"https:\/\/www.saly.com.tr\/wp-content\/uploads\/2024\/04\/VOAMER-VW-Transporter-Camper-Van-13-scaled.jpg\" data-elementor-open-lightbox=\"yes\" data-elementor-lightbox-slideshow=\"98a967b\" data-elementor-lightbox-title=\"VOAMER VW Transporter Camper Van-13\" data-e-action-hash=\"#elementor-action%3Aaction%3Dlightbox%26settings%3DeyJpZCI6MzUwOCwidXJsIjoiaHR0cHM6XC9cL3d3dy5zYWx5LmNvbS50clwvd3AtY29udGVudFwvdXBsb2Fkc1wvMjAyNFwvMDRcL1ZPQU1FUi1WVy1UcmFuc3BvcnRlci1DYW1wZXItVmFuLTEzLXNjYWxlZC5qcGciLCJzbGlkZXNob3ciOiI5OGE5NjdiIn0%3D\">\n\t\t\t\t\t<div class=\"e-gallery-image elementor-gallery-item__image\" data-thumbnail=\"https:\/\/www.saly.com.tr\/wp-content\/uploads\/2024\/04\/VOAMER-VW-Transporter-Camper-Van-13-960x780.jpg\" data-width=\"960\" data-height=\"780\" aria-label=\"\" role=\"img\" ><\/div>\n\t\t\t\t\t\t\t\t\t\t\t<div class=\"elementor-gallery-item__overlay\"><\/div>\n\t\t\t\t\t\t\t\t\t\t\t\t\t\t<\/a>\n\t\t\t\t\t\t\t<a class=\"e-gallery-item elementor-gallery-item elementor-animated-content\" href=\"https:\/\/www.saly.com.tr\/wp-content\/uploads\/2024\/04\/VOAMER-VW-Transporter-Camper-Van-14-scaled.jpg\" data-elementor-open-lightbox=\"yes\" data-elementor-lightbox-slideshow=\"98a967b\" data-elementor-lightbox-title=\"VOAMER VW Transporter Camper Van-14\" data-e-action-hash=\"#elementor-action%3Aaction%3Dlightbox%26settings%3DeyJpZCI6MzUxMywidXJsIjoiaHR0cHM6XC9cL3d3dy5zYWx5LmNvbS50clwvd3AtY29udGVudFwvdXBsb2Fkc1wvMjAyNFwvMDRcL1ZPQU1FUi1WVy1UcmFuc3BvcnRlci1DYW1wZXItVmFuLTE0LXNjYWxlZC5qcGciLCJzbGlkZXNob3ciOiI5OGE5NjdiIn0%3D\">\n\t\t\t\t\t<div class=\"e-gallery-image elementor-gallery-item__image\" data-thumbnail=\"https:\/\/www.saly.com.tr\/wp-content\/uploads\/2024\/04\/VOAMER-VW-Transporter-Camper-Van-14-960x780.jpg\" data-width=\"960\" data-height=\"780\" aria-label=\"\" role=\"img\" ><\/div>\n\t\t\t\t\t\t\t\t\t\t\t<div class=\"elementor-gallery-item__overlay\"><\/div>\n\t\t\t\t\t\t\t\t\t\t\t\t\t\t<\/a>\n\t\t\t\t\t\t\t<a class=\"e-gallery-item elementor-gallery-item elementor-animated-content\" href=\"https:\/\/www.saly.com.tr\/wp-content\/uploads\/2024\/04\/VOAMER-VW-Transporter-Camper-Van-25-scaled.jpg\" data-elementor-open-lightbox=\"yes\" data-elementor-lightbox-slideshow=\"98a967b\" data-elementor-lightbox-title=\"VOAMER VW Transporter Camper Van-25\" data-e-action-hash=\"#elementor-action%3Aaction%3Dlightbox%26settings%3DeyJpZCI6MzU2OCwidXJsIjoiaHR0cHM6XC9cL3d3dy5zYWx5LmNvbS50clwvd3AtY29udGVudFwvdXBsb2Fkc1wvMjAyNFwvMDRcL1ZPQU1FUi1WVy1UcmFuc3BvcnRlci1DYW1wZXItVmFuLTI1LXNjYWxlZC5qcGciLCJzbGlkZXNob3ciOiI5OGE5NjdiIn0%3D\">\n\t\t\t\t\t<div class=\"e-gallery-image elementor-gallery-item__image\" data-thumbnail=\"https:\/\/www.saly.com.tr\/wp-content\/uploads\/2024\/04\/VOAMER-VW-Transporter-Camper-Van-25-960x780.jpg\" data-width=\"960\" data-height=\"780\" aria-label=\"\" role=\"img\" ><\/div>\n\t\t\t\t\t\t\t\t\t\t\t<div class=\"elementor-gallery-item__overlay\"><\/div>\n\t\t\t\t\t\t\t\t\t\t\t\t\t\t<\/a>\n\t\t\t\t\t\t\t<a class=\"e-gallery-item elementor-gallery-item elementor-animated-content\" href=\"https:\/\/www.saly.com.tr\/wp-content\/uploads\/2024\/04\/VOAMER-VW-Transporter-Camper-Van-26-scaled.jpg\" data-elementor-open-lightbox=\"yes\" data-elementor-lightbox-slideshow=\"98a967b\" data-elementor-lightbox-title=\"VOAMER VW Transporter Camper Van-26\" data-e-action-hash=\"#elementor-action%3Aaction%3Dlightbox%26settings%3DeyJpZCI6MzU3MywidXJsIjoiaHR0cHM6XC9cL3d3dy5zYWx5LmNvbS50clwvd3AtY29udGVudFwvdXBsb2Fkc1wvMjAyNFwvMDRcL1ZPQU1FUi1WVy1UcmFuc3BvcnRlci1DYW1wZXItVmFuLTI2LXNjYWxlZC5qcGciLCJzbGlkZXNob3ciOiI5OGE5NjdiIn0%3D\">\n\t\t\t\t\t<div class=\"e-gallery-image elementor-gallery-item__image\" data-thumbnail=\"https:\/\/www.saly.com.tr\/wp-content\/uploads\/2024\/04\/VOAMER-VW-Transporter-Camper-Van-26-960x780.jpg\" data-width=\"960\" data-height=\"780\" aria-label=\"\" role=\"img\" ><\/div>\n\t\t\t\t\t\t\t\t\t\t\t<div class=\"elementor-gallery-item__overlay\"><\/div>\n\t\t\t\t\t\t\t\t\t\t\t\t\t\t<\/a>\n\t\t\t\t\t\t\t<a class=\"e-gallery-item elementor-gallery-item elementor-animated-content\" href=\"https:\/\/www.saly.com.tr\/wp-content\/uploads\/2024\/04\/VOAMER-VW-Transporter-Camper-Van-27-scaled.jpg\" data-elementor-open-lightbox=\"yes\" data-elementor-lightbox-slideshow=\"98a967b\" data-elementor-lightbox-title=\"VOAMER VW Transporter Camper Van-27\" data-e-action-hash=\"#elementor-action%3Aaction%3Dlightbox%26settings%3DeyJpZCI6MzU3OCwidXJsIjoiaHR0cHM6XC9cL3d3dy5zYWx5LmNvbS50clwvd3AtY29udGVudFwvdXBsb2Fkc1wvMjAyNFwvMDRcL1ZPQU1FUi1WVy1UcmFuc3BvcnRlci1DYW1wZXItVmFuLTI3LXNjYWxlZC5qcGciLCJzbGlkZXNob3ciOiI5OGE5NjdiIn0%3D\">\n\t\t\t\t\t<div class=\"e-gallery-image elementor-gallery-item__image\" data-thumbnail=\"https:\/\/www.saly.com.tr\/wp-content\/uploads\/2024\/04\/VOAMER-VW-Transporter-Camper-Van-27-960x780.jpg\" data-width=\"960\" data-height=\"780\" aria-label=\"\" role=\"img\" ><\/div>\n\t\t\t\t\t\t\t\t\t\t\t<div class=\"elementor-gallery-item__overlay\"><\/div>\n\t\t\t\t\t\t\t\t\t\t\t\t\t\t<\/a>\n\t\t\t\t\t<\/div>\n\t\t\t\t\t<\/div>\n\t\t\t\t<\/div>\n\t\t<div class=\"elementor-element elementor-element-72294fe e-flex e-con-boxed e-con e-parent\" data-id=\"72294fe\" data-element_type=\"container\" data-e-type=\"container\">\n\t\t\t\t\t<div class=\"e-con-inner\">\n\t\t\t\t<div class=\"elementor-element elementor-element-17deb2e elementor-widget elementor-widget-heading\" data-id=\"17deb2e\" data-element_type=\"widget\" data-e-type=\"widget\" data-widget_type=\"heading.default\">\n\t\t\t\t<div class=\"elementor-widget-container\">\n\t\t\t\t\t<h4 class=\"elementor-heading-title elementor-size-default\">V\u00eddeo de la furgoneta camper Voamer<\/h4>\t\t\t\t<\/div>\n\t\t\t\t<\/div>\n\t\t\t\t<div class=\"elementor-element elementor-element-e6cd29a elementor-widget elementor-widget-video\" data-id=\"e6cd29a\" data-element_type=\"widget\" data-e-type=\"widget\" data-settings=\"{&quot;youtube_url&quot;:&quot;https:\\\/\\\/youtu.be\\\/0JrhqlixHRw?si=2S_fZp6OOYEar3Ad&quot;,&quot;autoplay&quot;:&quot;yes&quot;,&quot;play_on_mobile&quot;:&quot;yes&quot;,&quot;video_type&quot;:&quot;youtube&quot;,&quot;controls&quot;:&quot;yes&quot;}\" data-widget_type=\"video.default\">\n\t\t\t\t<div class=\"elementor-widget-container\">\n\t\t\t\t\t\t\t<div class=\"elementor-wrapper elementor-open-inline\">\n\t\t\t<div class=\"elementor-video\"><\/div>\t\t<\/div>\n\t\t\t\t\t\t<\/div>\n\t\t\t\t<\/div>\n\t\t\t\t<div class=\"elementor-element elementor-element-4277cba elementor-widget elementor-widget-heading\" data-id=\"4277cba\" data-element_type=\"widget\" data-e-type=\"widget\" data-widget_type=\"heading.default\">\n\t\t\t\t<div class=\"elementor-widget-container\">\n\t\t\t\t\t<h4 class=\"elementor-heading-title elementor-size-default\">Equipamiento de serie de la Furgoneta Camper Voamer<\/h4>\t\t\t\t<\/div>\n\t\t\t\t<\/div>\n\t\t\t\t<div class=\"elementor-element elementor-element-a724466 elementor-widget elementor-widget-text-editor\" data-id=\"a724466\" data-element_type=\"widget\" data-e-type=\"widget\" data-widget_type=\"text-editor.default\">\n\t\t\t\t<div class=\"elementor-widget-container\">\n\t\t\t\t\t\t\t\t\t<table cellspacing=\"0\" cellpadding=\"0\">\n<tbody>\n<tr>\n<td valign=\"middle\">\n<p><span style=\"color: #000000; font-family: Outfit; font-size: large;\"><b>Opciones del veh\u00edculo<\/b><\/span><\/p>\n<\/td>\n<td colspan=\"5\" valign=\"middle\">\n<p><span style=\"color: #000000; font-family: Outfit; font-size: large;\">VW Transporter\/Caravelle Chasis Corto<\/span><\/p>\n<p><span style=\"color: #000000; font-family: Outfit; font-size: large;\">Ford Transit\/Tourneo Custom Chasis Corto<\/span><\/p>\n<p><span style=\"color: #000000; font-family: Outfit; font-size: large;\">VW Transporter\/Caravelle Chasis Largo<\/span><\/p>\n<p><span style=\"color: #000000; font-family: Outfit; font-size: large;\">Ford Transit\/Tourneo Custom Chasis Largo<\/span><\/p>\n<p><span style=\"color: #000000; font-family: Outfit; font-size: large;\">Fiat Scudo \/ Ulysse<\/span><\/p>\n<p><span style=\"color: #000000; font-family: Outfit; font-size: large;\"><span class=\"Apple-converted-space\">  <\/span>Peugeot Expert \/ Expert Traveller<\/span><\/p>\n<p><span style=\"color: #000000; font-family: Outfit; font-size: large;\">Citroen Jumpy \/ Spacetourer<\/span><\/p>\n<p><span style=\"color: #000000; font-family: Outfit; font-size: large;\">Renault Trafic<\/span><\/p>\n<p><span style=\"color: #000000; font-family: Outfit; font-size: large;\">Mercedes Vito Chasis Corto<\/span><\/p>\n<p><span style=\"color: #000000; font-family: Outfit; font-size: large;\">Mercedes Vito Chasis Largo<\/span><\/p>\n<\/td>\n<\/tr>\n<tr>\n<td valign=\"middle\">\n<p><span style=\"color: #000000; font-family: Outfit; font-size: large;\"><b>Techo M\u00f3vil<\/b><\/span><\/p>\n<\/td>\n<td colspan=\"5\" valign=\"middle\">\n<p><span style=\"color: #000000; font-family: Outfit; font-size: large;\">SCA<\/span><\/p>\n<\/td>\n<\/tr>\n<tr>\n<td rowspan=\"4\" valign=\"middle\">\n<p><span style=\"color: #000000; font-family: Outfit; font-size: large;\"><b>Cocina<\/b><\/span><\/p>\n<\/td>\n<td colspan=\"5\" valign=\"middle\">\n<p><span style=\"color: #000000; font-family: Outfit; font-size: large;\">Armarios de cocina y encimera, chapa de contrachapado de \u00e1lamo, mecanismo de cierre push-pull<\/span><\/p>\n<\/td>\n<\/tr>\n<tr>\n<td colspan=\"5\" valign=\"middle\">\n<p><span style=\"color: #000000; font-family: Outfit; font-size: large;\">Frigor\u00edfico Indel-B Cruise 42 12V 42lt<\/span><\/p>\n<\/td>\n<\/tr>\n<tr>\n<td colspan=\"5\" valign=\"middle\">\n<p><span style=\"color: #000000; font-family: Outfit; font-size: large;\">CAN, combinaci\u00f3n de placa de 2 fuegos y fregadero, con tapa de cristal<\/span><\/p>\n<\/td>\n<\/tr>\n<tr>\n<td colspan=\"5\" valign=\"middle\">\n<p><span style=\"color: #000000; font-family: Outfit; font-size: large;\">Mesa fabricada con pata de pedestal plegable importada<\/span><\/p>\n<\/td>\n<\/tr>\n<tr>\n<td valign=\"middle\">\n<p><span style=\"color: #000000; font-family: Outfit; font-size: large;\"><b>Aislamiento<\/b><\/span><\/p>\n<\/td>\n<td colspan=\"5\" valign=\"middle\">\n<p><span style=\"color: #000000; font-family: Outfit; font-size: large;\">Aislamiento de papel de aluminio de caucho elastom\u00e9rico importado<\/span><\/p>\n<\/td>\n<\/tr>\n<tr>\n<td valign=\"middle\">\n<p><span style=\"color: #000000; font-family: Outfit; font-size: large;\"><b>Suelo<\/b><\/span><\/p>\n<\/td>\n<td colspan=\"5\" valign=\"middle\">\n<p><span style=\"color: #000000; font-family: Outfit; font-size: large;\">Chapa de 4 mm sobre contrachapado Marin<\/span><\/p>\n<\/td>\n<\/tr>\n<tr>\n<td valign=\"middle\">\n<p><span style=\"color: #000000; font-family: Outfit; font-size: large;\"><b>Sistema de calefacci\u00f3n<\/b><\/span><\/p>\n<\/td>\n<td colspan=\"5\" valign=\"middle\">\n<p><span style=\"color: #000000; font-family: Outfit; font-size: large;\">Calentador Diesel Eberspracher\/Webasto 2Kw<\/span><\/p>\n<\/td>\n<\/tr>\n<tr>\n<td rowspan=\"4\" valign=\"middle\">\n<p><span style=\"color: #000000; font-family: Outfit; font-size: large;\"><b>Sistema el\u00e9ctrico<\/b><\/span><\/p>\n<\/td>\n<td colspan=\"5\" valign=\"middle\">\n<p><span style=\"color: #000000; font-family: Outfit; font-size: large;\">1 unidad Toma Schuko 230V<\/span><\/p>\n<\/td>\n<\/tr>\n<tr>\n<td colspan=\"5\" valign=\"middle\">\n<p><span style=\"color: #000000; font-family: Outfit; font-size: large;\">1 puerto USB-A doble<\/span><\/p>\n<\/td>\n<\/tr>\n<tr>\n<td colspan=\"5\" valign=\"middle\">\n<p><span style=\"color: #000000; font-family: Outfit; font-size: large;\">Entrada de electricidad de 220 V desde el exterior con cubierta importada<\/span><\/p>\n<\/td>\n<\/tr>\n<tr>\n<td colspan=\"5\" valign=\"middle\">\n<p><span style=\"color: #000000; font-family: Outfit; font-size: large;\">Bater\u00eda de Gel 100Ah, Cargador de Bater\u00eda 20Ah, Seccionador Autom\u00e1tico 12-220V, DC-DC<\/span><\/p>\n<\/td>\n<\/tr>\n<tr>\n<td valign=\"middle\">\n<p><span style=\"color: #000000; font-family: Outfit; font-size: large;\"><b>Asiento trasero<\/b><\/span><\/p>\n<\/td>\n<td colspan=\"5\" valign=\"middle\">\n<p><span style=\"color: #000000; font-family: Outfit; font-size: large;\">Sill\u00f3n de 2 \u00f3 3 plazas, que puede ser cama, 120&#215;190<\/span><\/p>\n<\/td>\n<\/tr>\n<tr>\n<td valign=\"middle\">\n<p><span style=\"color: #000000; font-family: Outfit; font-size: large;\"><b>Asientos delanteros<\/b><\/span><\/p>\n<\/td>\n<td colspan=\"5\" valign=\"middle\">\n<p><span style=\"color: #000000; font-family: Outfit; font-size: large;\">Mecanismo giratorio (si el veh\u00edculo es 1+1)<\/span><\/p>\n<\/td>\n<\/tr>\n<tr>\n<td rowspan=\"5\" valign=\"middle\">\n<p><span style=\"color: #000000; font-family: Outfit; font-size: large;\"><b>Infraestructuras hidr\u00e1ulicas<\/b><\/span><\/p>\n<\/td>\n<td colspan=\"5\" valign=\"middle\">\n<p><span style=\"color: #000000; font-family: Outfit; font-size: large;\">Dep\u00f3sito de agua limpia de 45 litros<\/span><\/p>\n<\/td>\n<\/tr>\n<tr>\n<td colspan=\"5\" valign=\"middle\">\n<p><span style=\"color: #000000; font-family: Outfit; font-size: large;\">Dep\u00f3sito de aguas grises de 25-35 litros adecuado al chasis del veh\u00edculo<\/span><\/p>\n<\/td>\n<\/tr>\n<tr>\n<td colspan=\"5\" valign=\"middle\">\n<p><span style=\"color: #000000; font-family: Outfit; font-size: large;\">Importado, tap\u00f3n de llenado de agua bloqueado<\/span><\/p>\n<\/td>\n<\/tr>\n<tr>\n<td colspan=\"5\" valign=\"middle\">\n<p><span style=\"color: #000000; font-family: Outfit; font-size: large;\">Bomba sumergible<\/span><\/p>\n<\/td>\n<\/tr>\n<tr>\n<td colspan=\"5\" valign=\"middle\">\n<p><span style=\"color: #000000; font-family: Outfit; font-size: large;\">Sistema de agua fr\u00eda exterior<\/span><\/p>\n<\/td>\n<\/tr>\n<tr>\n<td rowspan=\"2\" valign=\"middle\">\n<p><span style=\"color: #000000; font-family: Outfit; font-size: large;\"><b>Iluminaci\u00f3n<\/b><\/span><\/p>\n<\/td>\n<td colspan=\"5\" valign=\"middle\">\n<p><span style=\"color: #000000; font-family: Outfit; font-size: large;\">Iluminaci\u00f3n LED de techo<\/span><\/p>\n<\/td>\n<\/tr>\n<tr>\n<td colspan=\"5\" valign=\"middle\">\n<p><span style=\"color: #000000; font-family: Outfit; font-size: large;\">Tiras de LED bajo los armarios superiores de la cocina<\/span><\/p>\n<\/td>\n<\/tr>\n<tr>\n<td valign=\"middle\">\n<p><span style=\"color: #000000; font-family: Outfit; font-size: large;\"><b>Infraestructuras de gas<\/b><\/span><\/p>\n<\/td>\n<td colspan=\"5\" valign=\"middle\">\n<p><span style=\"color: #000000; font-family: Outfit; font-size: large;\">Sistema de tuber\u00edas de cobre monol\u00edtico, zona con alcantarilla reservada para cilindro peque\u00f1o y cinta cil\u00edndrica importada<\/span><\/p>\n<\/td>\n<\/tr>\n<tr>\n<td valign=\"middle\">\n<p><span style=\"color: #000000; font-family: Outfit; font-size: large;\"><b>Mosquitera<\/b><\/span><\/p>\n<\/td>\n<td colspan=\"5\" valign=\"middle\">\n<p><span style=\"color: #000000; font-family: Outfit; font-size: large;\">Persianas enrollables en la ventana de la cocina<\/span><\/p>\n<\/td>\n<\/tr>\n<tr>\n<td valign=\"middle\">\n<p><span style=\"color: #000000; font-family: Outfit; font-size: large;\"><b>Cortina<\/b><\/span><\/p>\n<\/td>\n<td colspan=\"5\" valign=\"middle\">\n<p><span style=\"color: #000000; font-family: Outfit; font-size: large;\">Puerta corredera, cristal de la puerta trasera y cortinilla de la ventanilla trasera<\/span><\/p>\n<\/td>\n<\/tr>\n<tr>\n<td valign=\"middle\">\n<p><span style=\"color: #000000; font-family: Outfit; font-size: large;\"><b>Panel de control<\/b><\/span><\/p>\n<\/td>\n<td colspan=\"5\" valign=\"middle\">\n<p><span style=\"color: #000000; font-family: Outfit; font-size: large;\">Panel de control SALY; Panel que muestra los niveles de la bater\u00eda y del dep\u00f3sito de agua y controla la luz, el agua y la infraestructura el\u00e9ctrica<\/span><\/p>\n<\/td>\n<\/tr>\n<\/tbody>\n<\/table>\n\t\t\t\t\t\t\t\t<\/div>\n\t\t\t\t<\/div>\n\t\t\t\t<div class=\"elementor-element elementor-element-cc6ab00 elementor-widget elementor-widget-heading\" data-id=\"cc6ab00\" data-element_type=\"widget\" data-e-type=\"widget\" data-widget_type=\"heading.default\">\n\t\t\t\t<div class=\"elementor-widget-container\">\n\t\t\t\t\t<h4 class=\"elementor-heading-title elementor-size-default\">Equipamiento Opcional Furgoneta Camper Voamer<\/h4>\t\t\t\t<\/div>\n\t\t\t\t<\/div>\n\t\t\t\t<div class=\"elementor-element elementor-element-9ba2123 elementor-widget elementor-widget-text-editor\" data-id=\"9ba2123\" data-element_type=\"widget\" data-e-type=\"widget\" data-widget_type=\"text-editor.default\">\n\t\t\t\t<div class=\"elementor-widget-container\">\n\t\t\t\t\t\t\t\t\t<table cellspacing=\"0\" cellpadding=\"0\">\n<tbody>\n<tr>\n<td valign=\"middle\">\n<p><span style=\"color: #000000; font-family: Outfit; font-size: large;\"><b>VOAMER+ : Paquete Caravana para chasis largos<\/b><\/span><\/p>\n<\/td>\n<td colspan=\"2\" valign=\"middle\">\n<p><span style=\"color: #000000; font-family: Outfit; font-size: large;\">Disposici\u00f3n de la caravana, inodoro Cassette externo Thetford, zona de ba\u00f1o, proyecto TSE de la caravana (adicional al precio est\u00e1ndar de la conversi\u00f3n)<\/span><\/p>\n<\/td>\n<\/tr>\n<tr>\n<td valign=\"middle\">\n<p><span style=\"color: #000000; font-family: Outfit; font-size: large;\"><b>Sistema de suspensi\u00f3n avanzado<\/b><\/span><\/p>\n<\/td>\n<td colspan=\"2\" valign=\"middle\">\n<p><span style=\"color: #000000; font-family: Outfit; font-size: large;\">Sistema de suspensi\u00f3n superior de 4 puntos VB-Suspension<\/span><\/p>\n<p><span style=\"color: #000000; font-family: Outfit; font-size: large;\">Modo Todoterreno, Modo Deportivo, Modo Aparcamiento, Sistema de Equilibrado Autom\u00e1tico<\/span><\/p>\n<\/td>\n<\/tr>\n<tr>\n<td valign=\"middle\">\n<p><span style=\"color: #000000; font-family: Outfit; font-size: large;\"><b>Sistema de energ\u00eda solar &#8211; Bater\u00eda de gel<\/b><\/span><\/p>\n<\/td>\n<td colspan=\"2\" valign=\"middle\">\n<p><span style=\"color: #000000; font-family: Outfit; font-size: large;\">2 paneles monocristalinos de 155 W, bater\u00eda de gel de 100 Ah, MPPT, CC-CC y cargador de bater\u00eda (el sistema de bater\u00eda Life se cancela, diferencia de precio)<\/span><\/p>\n<\/td>\n<\/tr>\n<tr>\n<td valign=\"middle\">\n<p><span style=\"color: #000000; font-family: Outfit; font-size: large;\"><b>Sistema de energ\u00eda solar &#8211; Bater\u00eda de litio<\/b><\/span><\/p>\n<\/td>\n<td colspan=\"2\" valign=\"middle\">\n<p><span style=\"color: #000000; font-family: Outfit; font-size: large;\">2 paneles monocristalinos de 155 W, bater\u00eda de litio de 100 Ah, MPPT, CC-CC y cargador de bater\u00eda (el sistema de bater\u00eda Life se cancela, diferencia de precio)<\/span><\/p>\n<\/td>\n<\/tr>\n<tr>\n<td valign=\"middle\">\n<p><span style=\"color: #000000; font-family: Outfit; font-size: large;\"><b>Bater\u00eda de litio<\/b><\/span><\/p>\n<\/td>\n<td colspan=\"2\" valign=\"middle\">\n<p><span style=\"color: #000000; font-family: Outfit; font-size: large;\">Actualizaci\u00f3n de Bater\u00eda de Gel de 100Ah a Bater\u00eda de Litio de 100Ah<\/span><\/p>\n<\/td>\n<\/tr>\n<tr>\n<td valign=\"middle\">\n<p><span style=\"color: #000000; font-family: Outfit; font-size: large;\"><b>Inversor<\/b><\/span><\/p>\n<\/td>\n<td colspan=\"2\" valign=\"middle\">\n<p><span style=\"color: #000000; font-family: Outfit; font-size: large;\">Inversor senoidal de 1000 W<\/span><\/p>\n<\/td>\n<\/tr>\n<tr>\n<td valign=\"middle\">\n<p><span style=\"color: #000000; font-family: Outfit; font-size: large;\"><b>Sistema de asiento de ra\u00edl<\/b><\/span><\/p>\n<\/td>\n<td colspan=\"2\" valign=\"middle\">\n<p><span style=\"color: #000000; font-family: Outfit; font-size: large;\">Sistema de deslizamiento de ra\u00edles para asiento trasero doble\/triple<\/span><\/p>\n<\/td>\n<\/tr>\n<tr>\n<td valign=\"middle\">\n<p><span style=\"color: #000000; font-family: Outfit; font-size: large;\"><b>Ventana de caravana &#8211; Enrollable y mosquitera<\/b><\/span><\/p>\n<\/td>\n<td colspan=\"2\" valign=\"middle\">\n<p><span style=\"color: #000000; font-family: Outfit; font-size: large;\">Ventana de caravana 45&#215;61, estor enrollable y mosquitera<\/span><\/p>\n<\/td>\n<\/tr>\n<tr>\n<td valign=\"middle\">\n<p><span style=\"color: #000000; font-family: Outfit; font-size: large;\"><b>Calentador de agua<\/b><\/span><\/p>\n<\/td>\n<td colspan=\"2\" valign=\"middle\">\n<p><span style=\"color: #000000; font-family: Outfit; font-size: large;\">Caldera Truma Therme 220V (el grifo de la cocina y el sistema de ducha exterior tambi\u00e9n suben)<\/span><\/p>\n<\/td>\n<\/tr>\n<tr>\n<td valign=\"middle\">\n<p><span style=\"color: #000000; font-family: Outfit; font-size: large;\"><b>Mosquitera<\/b><\/span><\/p>\n<\/td>\n<td colspan=\"2\" valign=\"middle\">\n<p><span style=\"color: #000000; font-family: Outfit; font-size: large;\">Mosquitera con cremallera para puerta corredera<\/span><\/p>\n<\/td>\n<\/tr>\n<tr>\n<td valign=\"middle\">\n<p><span style=\"color: #000000; font-family: Outfit; font-size: large;\"><b>Pintar<\/b><\/span><\/p>\n<\/td>\n<td colspan=\"2\" valign=\"middle\">\n<p><span style=\"color: #000000; font-family: Outfit; font-size: large;\">Pintura de todos los veh\u00edculos<\/span><\/p>\n<\/td>\n<\/tr>\n<tr>\n<td valign=\"middle\">\n<p><span style=\"color: #000000; font-family: Outfit; font-size: large;\"><b>Pintar<\/b><\/span><\/p>\n<\/td>\n<td colspan=\"2\" valign=\"middle\">\n<p><span style=\"color: #000000; font-family: Outfit; font-size: large;\">Pintura bajo vidrio<\/span><\/p>\n<\/td>\n<\/tr>\n<tr>\n<td valign=\"middle\">\n<p><span style=\"color: #000000; font-family: Outfit; font-size: large;\"><b>Revestimiento<\/b><\/span><\/p>\n<\/td>\n<td colspan=\"2\" valign=\"middle\">\n<p><span style=\"color: #000000; font-family: Outfit; font-size: large;\">Revestimiento bajo vidrio<\/span><\/p>\n<\/td>\n<\/tr>\n<tr>\n<td valign=\"middle\">\n<p><span style=\"color: #000000; font-family: Outfit; font-size: large;\"><b>Revestimientos Exteriores Cromados<\/b><\/span><\/p>\n<\/td>\n<td colspan=\"2\" valign=\"middle\">\n<p><span style=\"color: #000000; font-family: Outfit; font-size: large;\">Debajo de los faros, protecci\u00f3n del suelo de la puerta trasera, marco de se\u00f1alizaci\u00f3n derecho izquierdo, rejilla delantera<\/span><\/p>\n<\/td>\n<\/tr>\n<tr>\n<td valign=\"middle\">\n<p><span style=\"color: #000000; font-family: Outfit; font-size: large;\"><b>Techo estrellado<\/b><\/span><\/p>\n<\/td>\n<td colspan=\"2\" valign=\"middle\">\n<p><span style=\"color: #000000; font-family: Outfit; font-size: large;\">Aplicaci\u00f3n de techo estrella<\/span><\/p>\n<\/td>\n<\/tr>\n<tr>\n<td valign=\"middle\">\n<p><span style=\"color: #000000; font-family: Outfit; font-size: large;\"><b>C\u00e1mara de marcha atr\u00e1s y pantalla multimedia<\/b><\/span><\/p>\n<\/td>\n<td colspan=\"2\" valign=\"middle\">\n<p><span style=\"color: #000000; font-family: Outfit; font-size: large;\">8&#8243; con c\u00e1mara de marcha atr\u00e1s oculta y navegaci\u00f3n en la matr\u00edcula Pantalla multimedia<\/span><\/p>\n<\/td>\n<\/tr>\n<tr>\n<td valign=\"middle\">\n<p><span style=\"color: #000000; font-family: Outfit; font-size: large;\"><b>Toldo<\/b><\/span><\/p>\n<\/td>\n<td colspan=\"2\" valign=\"middle\">\n<p><span style=\"color: #000000; font-family: Outfit; font-size: large;\">Veh\u00edculo Adecuado Toldo Importado Thule\/Dometic<\/span><\/p>\n<\/td>\n<\/tr>\n<tr>\n<td valign=\"middle\">\n<p><span style=\"color: #000000; font-family: Outfit; font-size: large;\"><b>Inodoro<\/b><\/span><\/p>\n<\/td>\n<td colspan=\"2\" valign=\"middle\">\n<p><span style=\"color: #000000; font-family: Outfit; font-size: large;\">Inodoro port\u00e1til Thetford Porta Potti<\/span><\/p>\n<\/td>\n<\/tr>\n<tr>\n<td valign=\"middle\">\n<p><span style=\"color: #000000; font-family: Outfit; font-size: large;\"><b>Asiento individual<\/b><\/span><\/p>\n<\/td>\n<td colspan=\"2\" valign=\"middle\">\n<p><span style=\"color: #000000; font-family: Outfit; font-size: large;\">Asiento individual para el lado delantero<\/span><\/p>\n<\/td>\n<\/tr>\n<\/tbody>\n<\/table>\n\t\t\t\t\t\t\t\t<\/div>\n\t\t\t\t<\/div>\n\t\t<div class=\"elementor-element elementor-element-688a157 e-flex e-con-boxed e-con e-child\" data-id=\"688a157\" data-element_type=\"container\" data-e-type=\"container\">\n\t\t\t\t\t<div class=\"e-con-inner\">\n\t\t\t\t<div class=\"elementor-element elementor-element-7b57311 elementor-widget elementor-widget-heading\" data-id=\"7b57311\" data-element_type=\"widget\" data-e-type=\"widget\" data-widget_type=\"heading.default\">\n\t\t\t\t<div class=\"elementor-widget-container\">\n\t\t\t\t\t<h5 class=\"elementor-heading-title elementor-size-default\">Otros modelos que te pueden interesar<\/h5>\t\t\t\t<\/div>\n\t\t\t\t<\/div>\n\t\t\t\t\t<\/div>\n\t\t\t\t<\/div>\n\t\t<div class=\"elementor-element elementor-element-b7303b6 e-grid e-con-boxed e-con e-child\" data-id=\"b7303b6\" data-element_type=\"container\" data-e-type=\"container\">\n\t\t\t\t\t<div class=\"e-con-inner\">\n\t\t\t\t<div class=\"elementor-element elementor-element-519d0be elementor-position-top elementor-widget elementor-widget-image-box\" data-id=\"519d0be\" data-element_type=\"widget\" data-e-type=\"widget\" data-widget_type=\"image-box.default\">\n\t\t\t\t<div class=\"elementor-widget-container\">\n\t\t\t\t\t<div class=\"elementor-image-box-wrapper\"><figure class=\"elementor-image-box-img\"><a href=\"https:\/\/www.saly.com.tr\/es\/modelos-de-furgoneta-camper\/cerion-vanus-590\/\" tabindex=\"-1\"><img fetchpriority=\"high\" decoding=\"async\" width=\"1280\" height=\"500\" src=\"https:\/\/www.saly.com.tr\/wp-content\/uploads\/2024\/04\/SALY-Caravan-Cerion-Vanus-590-Ford-Transit-Camper-Van-3-1280x500.jpeg\" class=\"attachment-portfolio-mf-w size-portfolio-mf-w wp-image-3163\" alt=\"\" srcset=\"https:\/\/www.saly.com.tr\/wp-content\/uploads\/2024\/04\/SALY-Caravan-Cerion-Vanus-590-Ford-Transit-Camper-Van-3-1280x500.jpeg 1280w, https:\/\/www.saly.com.tr\/wp-content\/uploads\/2024\/04\/SALY-Caravan-Cerion-Vanus-590-Ford-Transit-Camper-Van-3-1920x750.jpeg 1920w\" sizes=\"(max-width:767px) 480px, (max-width:1280px) 100vw, 1280px\" \/><\/a><\/figure><div class=\"elementor-image-box-content\"><h2 class=\"elementor-image-box-title\"><a href=\"https:\/\/www.saly.com.tr\/es\/modelos-de-furgoneta-camper\/cerion-vanus-590\/\">Furgoneta Camper Cerion Vanus 590<\/a><\/h2><\/div><\/div>\t\t\t\t<\/div>\n\t\t\t\t<\/div>\n\t\t\t\t<div class=\"elementor-element elementor-element-1518680 elementor-position-top elementor-widget elementor-widget-image-box\" data-id=\"1518680\" data-element_type=\"widget\" data-e-type=\"widget\" data-widget_type=\"image-box.default\">\n\t\t\t\t<div class=\"elementor-widget-container\">\n\t\t\t\t\t<div class=\"elementor-image-box-wrapper\"><figure class=\"elementor-image-box-img\"><img decoding=\"async\" width=\"1280\" height=\"500\" data-src=\"https:\/\/www.saly.com.tr\/wp-content\/uploads\/2024\/04\/SALY-Cerion-Vanus-640-Camper-Van-17-1280x500.jpg\" class=\"attachment-portfolio-mf-w size-portfolio-mf-w wp-image-3843 lazyload\" alt=\"\" data-srcset=\"https:\/\/www.saly.com.tr\/wp-content\/uploads\/2024\/04\/SALY-Cerion-Vanus-640-Camper-Van-17-1280x500.jpg 1280w, https:\/\/www.saly.com.tr\/wp-content\/uploads\/2024\/04\/SALY-Cerion-Vanus-640-Camper-Van-17-1920x750.jpg 1920w\" data-sizes=\"(max-width:767px) 480px, (max-width:1280px) 100vw, 1280px\" src=\"data:image\/svg+xml;base64,PHN2ZyB3aWR0aD0iMSIgaGVpZ2h0PSIxIiB4bWxucz0iaHR0cDovL3d3dy53My5vcmcvMjAwMC9zdmciPjwvc3ZnPg==\" style=\"--smush-placeholder-width: 1280px; --smush-placeholder-aspect-ratio: 1280\/500;\" \/><\/figure><div class=\"elementor-image-box-content\"><h2 class=\"elementor-image-box-title\">Cerion Vanus 640 Furgoneta Camper<\/h2><\/div><\/div>\t\t\t\t<\/div>\n\t\t\t\t<\/div>\n\t\t\t\t\t<\/div>\n\t\t\t\t<\/div>\n\t\t\t\t\t<\/div>\n\t\t\t\t<\/div>\n\t\t\t\t\t<\/div>\n\t\t<\/div>\n\t\t\t\t\t<\/div>\n\t\t<\/section>\n\t\t<div class=\"elementor-element elementor-element-3c455d1 e-flex e-con-boxed e-con e-parent\" data-id=\"3c455d1\" data-element_type=\"container\" data-e-type=\"container\">\n\t\t\t\t\t<div class=\"e-con-inner\">\n\t\t\t\t<div class=\"elementor-element elementor-element-08775a0 elementor-widget elementor-widget-heading\" data-id=\"08775a0\" data-element_type=\"widget\" data-e-type=\"widget\" data-widget_type=\"heading.default\">\n\t\t\t\t<div class=\"elementor-widget-container\">\n\t\t\t\t\t<h5 class=\"elementor-heading-title elementor-size-default\">\u00a1S\u00edguenos para estar informado sobre las novedades y los nuevos modelos!<\/h5>\t\t\t\t<\/div>\n\t\t\t\t<\/div>\n\t\t\t\t<div class=\"elementor-element elementor-element-8f7bb8c elementor-shape-circle elementor-grid-0 e-grid-align-center elementor-widget elementor-widget-social-icons\" data-id=\"8f7bb8c\" data-element_type=\"widget\" data-e-type=\"widget\" data-widget_type=\"social-icons.default\">\n\t\t\t\t<div class=\"elementor-widget-container\">\n\t\t\t\t\t\t\t<div class=\"elementor-social-icons-wrapper elementor-grid\" role=\"list\">\n\t\t\t\t\t\t\t<span class=\"elementor-grid-item\" role=\"listitem\">\n\t\t\t\t\t<a class=\"elementor-icon elementor-social-icon elementor-social-icon-instagram elementor-repeater-item-4c8e75a\" href=\"https:\/\/www.instagram.com\/salycaravan\" target=\"_blank\">\n\t\t\t\t\t\t<span class=\"elementor-screen-only\">Instagram<\/span>\n\t\t\t\t\t\t<svg aria-hidden=\"true\" class=\"e-font-icon-svg e-fab-instagram\" viewBox=\"0 0 448 512\" xmlns=\"http:\/\/www.w3.org\/2000\/svg\"><path d=\"M224.1 141c-63.6 0-114.9 51.3-114.9 114.9s51.3 114.9 114.9 114.9S339 319.5 339 255.9 287.7 141 224.1 141zm0 189.6c-41.1 0-74.7-33.5-74.7-74.7s33.5-74.7 74.7-74.7 74.7 33.5 74.7 74.7-33.6 74.7-74.7 74.7zm146.4-194.3c0 14.9-12 26.8-26.8 26.8-14.9 0-26.8-12-26.8-26.8s12-26.8 26.8-26.8 26.8 12 26.8 26.8zm76.1 27.2c-1.7-35.9-9.9-67.7-36.2-93.9-26.2-26.2-58-34.4-93.9-36.2-37-2.1-147.9-2.1-184.9 0-35.8 1.7-67.6 9.9-93.9 36.1s-34.4 58-36.2 93.9c-2.1 37-2.1 147.9 0 184.9 1.7 35.9 9.9 67.7 36.2 93.9s58 34.4 93.9 36.2c37 2.1 147.9 2.1 184.9 0 35.9-1.7 67.7-9.9 93.9-36.2 26.2-26.2 34.4-58 36.2-93.9 2.1-37 2.1-147.8 0-184.8zM398.8 388c-7.8 19.6-22.9 34.7-42.6 42.6-29.5 11.7-99.5 9-132.1 9s-102.7 2.6-132.1-9c-19.6-7.8-34.7-22.9-42.6-42.6-11.7-29.5-9-99.5-9-132.1s-2.6-102.7 9-132.1c7.8-19.6 22.9-34.7 42.6-42.6 29.5-11.7 99.5-9 132.1-9s102.7-2.6 132.1 9c19.6 7.8 34.7 22.9 42.6 42.6 11.7 29.5 9 99.5 9 132.1s2.7 102.7-9 132.1z\"><\/path><\/svg>\t\t\t\t\t<\/a>\n\t\t\t\t<\/span>\n\t\t\t\t\t\t\t<span class=\"elementor-grid-item\" role=\"listitem\">\n\t\t\t\t\t<a class=\"elementor-icon elementor-social-icon elementor-social-icon-facebook elementor-repeater-item-e6d9daa\" href=\"https:\/\/www.facebook.com\/salycaravan\" target=\"_blank\">\n\t\t\t\t\t\t<span class=\"elementor-screen-only\">Facebook<\/span>\n\t\t\t\t\t\t<svg aria-hidden=\"true\" class=\"e-font-icon-svg e-fab-facebook\" viewBox=\"0 0 512 512\" xmlns=\"http:\/\/www.w3.org\/2000\/svg\"><path d=\"M504 256C504 119 393 8 256 8S8 119 8 256c0 123.78 90.69 226.38 209.25 245V327.69h-63V256h63v-54.64c0-62.15 37-96.48 93.67-96.48 27.14 0 55.52 4.84 55.52 4.84v61h-31.28c-30.8 0-40.41 19.12-40.41 38.73V256h68.78l-11 71.69h-57.78V501C413.31 482.38 504 379.78 504 256z\"><\/path><\/svg>\t\t\t\t\t<\/a>\n\t\t\t\t<\/span>\n\t\t\t\t\t\t\t<span class=\"elementor-grid-item\" role=\"listitem\">\n\t\t\t\t\t<a class=\"elementor-icon elementor-social-icon elementor-social-icon-youtube elementor-repeater-item-a1ca770\" href=\"https:\/\/www.youtube.com\/c\/SalyCaravan\" target=\"_blank\">\n\t\t\t\t\t\t<span class=\"elementor-screen-only\">Youtube<\/span>\n\t\t\t\t\t\t<svg aria-hidden=\"true\" class=\"e-font-icon-svg e-fab-youtube\" viewBox=\"0 0 576 512\" xmlns=\"http:\/\/www.w3.org\/2000\/svg\"><path d=\"M549.655 124.083c-6.281-23.65-24.787-42.276-48.284-48.597C458.781 64 288 64 288 64S117.22 64 74.629 75.486c-23.497 6.322-42.003 24.947-48.284 48.597-11.412 42.867-11.412 132.305-11.412 132.305s0 89.438 11.412 132.305c6.281 23.65 24.787 41.5 48.284 47.821C117.22 448 288 448 288 448s170.78 0 213.371-11.486c23.497-6.321 42.003-24.171 48.284-47.821 11.412-42.867 11.412-132.305 11.412-132.305s0-89.438-11.412-132.305zm-317.51 213.508V175.185l142.739 81.205-142.739 81.201z\"><\/path><\/svg>\t\t\t\t\t<\/a>\n\t\t\t\t<\/span>\n\t\t\t\t\t\t\t<span class=\"elementor-grid-item\" role=\"listitem\">\n\t\t\t\t\t<a class=\"elementor-icon elementor-social-icon elementor-social-icon-linkedin elementor-repeater-item-cf141f6\" href=\"https:\/\/tr.linkedin.com\/company\/saly-group\" target=\"_blank\">\n\t\t\t\t\t\t<span class=\"elementor-screen-only\">Linkedin<\/span>\n\t\t\t\t\t\t<svg aria-hidden=\"true\" class=\"e-font-icon-svg e-fab-linkedin\" viewBox=\"0 0 448 512\" xmlns=\"http:\/\/www.w3.org\/2000\/svg\"><path d=\"M416 32H31.9C14.3 32 0 46.5 0 64.3v383.4C0 465.5 14.3 480 31.9 480H416c17.6 0 32-14.5 32-32.3V64.3c0-17.8-14.4-32.3-32-32.3zM135.4 416H69V202.2h66.5V416zm-33.2-243c-21.3 0-38.5-17.3-38.5-38.5S80.9 96 102.2 96c21.2 0 38.5 17.3 38.5 38.5 0 21.3-17.2 38.5-38.5 38.5zm282.1 243h-66.4V312c0-24.8-.5-56.7-34.5-56.7-34.6 0-39.9 27-39.9 54.9V416h-66.4V202.2h63.7v29.2h.9c8.9-16.8 30.6-34.5 62.9-34.5 67.2 0 79.7 44.3 79.7 101.9V416z\"><\/path><\/svg>\t\t\t\t\t<\/a>\n\t\t\t\t<\/span>\n\t\t\t\t\t\t\t<span class=\"elementor-grid-item\" role=\"listitem\">\n\t\t\t\t\t<a class=\"elementor-icon elementor-social-icon elementor-social-icon-x-twitter elementor-repeater-item-d893623\" href=\"https:\/\/www.x.com\/salycaravan\" target=\"_blank\">\n\t\t\t\t\t\t<span class=\"elementor-screen-only\">X-twitter<\/span>\n\t\t\t\t\t\t<svg aria-hidden=\"true\" class=\"e-font-icon-svg e-fab-x-twitter\" viewBox=\"0 0 512 512\" xmlns=\"http:\/\/www.w3.org\/2000\/svg\"><path d=\"M389.2 48h70.6L305.6 224.2 487 464H345L233.7 318.6 106.5 464H35.8L200.7 275.5 26.8 48H172.4L272.9 180.9 389.2 48zM364.4 421.8h39.1L151.1 88h-42L364.4 421.8z\"><\/path><\/svg>\t\t\t\t\t<\/a>\n\t\t\t\t<\/span>\n\t\t\t\t\t<\/div>\n\t\t\t\t\t\t<\/div>\n\t\t\t\t<\/div>\n\t\t\t\t\t<\/div>\n\t\t\t\t<\/div>\n\t\t<div class=\"elementor-element elementor-element-ffff456 e-flex e-con-boxed e-con e-parent\" data-id=\"ffff456\" data-element_type=\"container\" data-e-type=\"container\">\n\t\t\t\t\t<div class=\"e-con-inner\">\n\t\t\t\t\t<\/div>\n\t\t\t\t<\/div>\n\t\t\t\t<\/div>\n\t\t","protected":false},"excerpt":{"rendered":"<p>Voamer Furgoneta camper que puede acompa\u00f1arte tanto en el uso diario como en acampada: VOAMER. V\u00eddeo de la furgoneta camper Voamer Equipamiento de serie de la<span class=\"excerpt-hellip\"> [\u2026]<\/span><\/p>\n","protected":false},"author":1,"featured_media":3448,"parent":7736,"menu_order":0,"comment_status":"closed","ping_status":"closed","template":"","meta":{"footnotes":""},"class_list":["post-8430","page","type-page","status-publish","has-post-thumbnail","hentry"],"yoast_head":"<!-- This site is optimized with the Yoast SEO Premium plugin v27.4 (Yoast SEO v27.4) - https:\/\/yoast.com\/product\/yoast-seo-premium-wordpress\/ -->\n<title>SALY Caravan &#187; VOAMER Furgoneta Camper<\/title>\n<meta name=\"description\" content=\"\u00a1Conoce la mini furgoneta camper modelo VOAMER producida por el principal fabricante de caravanas de Turqu\u00eda, SALY Caravan!\" \/>\n<meta name=\"robots\" content=\"index, follow, max-snippet:-1, max-image-preview:large, max-video-preview:-1\" \/>\n<link rel=\"canonical\" href=\"https:\/\/www.saly.com.tr\/es\/modelos-de-furgoneta-camper\/voamer\/\" \/>\n<meta property=\"og:locale\" content=\"es_ES\" \/>\n<meta property=\"og:type\" content=\"article\" \/>\n<meta property=\"og:title\" content=\"Voamer &#187; SALY Karavan\" \/>\n<meta property=\"og:description\" content=\"Voamer SALY Karavan\" \/>\n<meta property=\"og:url\" content=\"https:\/\/www.saly.com.tr\/es\/modelos-de-furgoneta-camper\/voamer\/\" \/>\n<meta property=\"og:site_name\" content=\"SALY Karavan\" \/>\n<meta property=\"article:publisher\" content=\"https:\/\/www.facebook.com\/salycaravan\" \/>\n<meta property=\"article:modified_time\" content=\"2024-11-06T18:31:44+00:00\" \/>\n<meta property=\"og:image\" content=\"https:\/\/www.saly.com.tr\/wp-content\/uploads\/2024\/04\/VOAMER-VW-Transporter-Camper-Van-1-scaled.jpg\" \/>\n\t<meta property=\"og:image:width\" content=\"2560\" \/>\n\t<meta property=\"og:image:height\" content=\"1707\" \/>\n\t<meta property=\"og:image:type\" content=\"image\/jpeg\" \/>\n<meta name=\"twitter:card\" content=\"summary_large_image\" \/>\n<meta name=\"twitter:site\" content=\"@salycaravan\" \/>\n<meta name=\"twitter:label1\" content=\"Tiempo de lectura\" \/>\n\t<meta name=\"twitter:data1\" content=\"4 minutos\" \/>\n<script type=\"application\/ld+json\" class=\"yoast-schema-graph\">{\"@context\":\"https:\\\/\\\/schema.org\",\"@graph\":[{\"@type\":\"WebPage\",\"@id\":\"https:\\\/\\\/www.saly.com.tr\\\/es\\\/modelos-de-furgoneta-camper\\\/voamer\\\/\",\"url\":\"https:\\\/\\\/www.saly.com.tr\\\/es\\\/modelos-de-furgoneta-camper\\\/voamer\\\/\",\"name\":\"SALY Caravan &#187; VOAMER Furgoneta Camper\",\"isPartOf\":{\"@id\":\"https:\\\/\\\/www.saly.com.tr\\\/es\\\/#website\"},\"primaryImageOfPage\":{\"@id\":\"https:\\\/\\\/www.saly.com.tr\\\/es\\\/modelos-de-furgoneta-camper\\\/voamer\\\/#primaryimage\"},\"image\":{\"@id\":\"https:\\\/\\\/www.saly.com.tr\\\/es\\\/modelos-de-furgoneta-camper\\\/voamer\\\/#primaryimage\"},\"thumbnailUrl\":\"https:\\\/\\\/www.saly.com.tr\\\/wp-content\\\/uploads\\\/2024\\\/04\\\/VOAMER-VW-Transporter-Camper-Van-1-scaled.jpg\",\"datePublished\":\"2024-05-02T19:55:58+00:00\",\"dateModified\":\"2024-11-06T18:31:44+00:00\",\"description\":\"\u00a1Conoce la mini furgoneta camper modelo VOAMER producida por el principal fabricante de caravanas de Turqu\u00eda, SALY Caravan!\",\"breadcrumb\":{\"@id\":\"https:\\\/\\\/www.saly.com.tr\\\/es\\\/modelos-de-furgoneta-camper\\\/voamer\\\/#breadcrumb\"},\"inLanguage\":\"es\",\"potentialAction\":[{\"@type\":\"ReadAction\",\"target\":[\"https:\\\/\\\/www.saly.com.tr\\\/es\\\/modelos-de-furgoneta-camper\\\/voamer\\\/\"]}]},{\"@type\":\"ImageObject\",\"inLanguage\":\"es\",\"@id\":\"https:\\\/\\\/www.saly.com.tr\\\/es\\\/modelos-de-furgoneta-camper\\\/voamer\\\/#primaryimage\",\"url\":\"https:\\\/\\\/www.saly.com.tr\\\/wp-content\\\/uploads\\\/2024\\\/04\\\/VOAMER-VW-Transporter-Camper-Van-1-scaled.jpg\",\"contentUrl\":\"https:\\\/\\\/www.saly.com.tr\\\/wp-content\\\/uploads\\\/2024\\\/04\\\/VOAMER-VW-Transporter-Camper-Van-1-scaled.jpg\",\"width\":2560,\"height\":1707},{\"@type\":\"BreadcrumbList\",\"@id\":\"https:\\\/\\\/www.saly.com.tr\\\/es\\\/modelos-de-furgoneta-camper\\\/voamer\\\/#breadcrumb\",\"itemListElement\":[{\"@type\":\"ListItem\",\"position\":1,\"name\":\"Home\",\"item\":\"https:\\\/\\\/www.saly.com.tr\\\/es\\\/pagina-de-inicio\\\/\"},{\"@type\":\"ListItem\",\"position\":2,\"name\":\"Camper Van\",\"item\":\"https:\\\/\\\/www.saly.com.tr\\\/es\\\/modelos-de-furgoneta-camper\\\/\"},{\"@type\":\"ListItem\",\"position\":3,\"name\":\"Voamer\"}]},{\"@type\":\"WebSite\",\"@id\":\"https:\\\/\\\/www.saly.com.tr\\\/es\\\/#website\",\"url\":\"https:\\\/\\\/www.saly.com.tr\\\/es\\\/\",\"name\":\"SALY Karavan\",\"description\":\"Adresini Kendin Se\u00e7!\",\"publisher\":{\"@id\":\"https:\\\/\\\/www.saly.com.tr\\\/es\\\/#organization\"},\"potentialAction\":[{\"@type\":\"SearchAction\",\"target\":{\"@type\":\"EntryPoint\",\"urlTemplate\":\"https:\\\/\\\/www.saly.com.tr\\\/es\\\/?s={search_term_string}\"},\"query-input\":{\"@type\":\"PropertyValueSpecification\",\"valueRequired\":true,\"valueName\":\"search_term_string\"}}],\"inLanguage\":\"es\"},{\"@type\":\"Organization\",\"@id\":\"https:\\\/\\\/www.saly.com.tr\\\/es\\\/#organization\",\"name\":\"SALY Karavan\",\"url\":\"https:\\\/\\\/www.saly.com.tr\\\/es\\\/\",\"logo\":{\"@type\":\"ImageObject\",\"inLanguage\":\"es\",\"@id\":\"https:\\\/\\\/www.saly.com.tr\\\/es\\\/#\\\/schema\\\/logo\\\/image\\\/\",\"url\":\"https:\\\/\\\/www.saly.com.tr\\\/wp-content\\\/uploads\\\/2024\\\/06\\\/saly-caravan-logo-web.png\",\"contentUrl\":\"https:\\\/\\\/www.saly.com.tr\\\/wp-content\\\/uploads\\\/2024\\\/06\\\/saly-caravan-logo-web.png\",\"width\":200,\"height\":50,\"caption\":\"SALY Karavan\"},\"image\":{\"@id\":\"https:\\\/\\\/www.saly.com.tr\\\/es\\\/#\\\/schema\\\/logo\\\/image\\\/\"},\"sameAs\":[\"https:\\\/\\\/www.facebook.com\\\/salycaravan\",\"https:\\\/\\\/x.com\\\/salycaravan\",\"https:\\\/\\\/www.instagram.com\\\/salycaravan\"],\"email\":\"info@saly.com.tr\",\"telephone\":\"+902643193050\",\"legalName\":\"SALY Caravan\",\"foundingDate\":\"1997-01-01\",\"numberOfEmployees\":{\"@type\":\"QuantitativeValue\",\"minValue\":\"51\",\"maxValue\":\"200\"}}]}<\/script>\n<!-- \/ Yoast SEO Premium plugin. -->","yoast_head_json":{"title":"SALY Caravan &#187; VOAMER Furgoneta Camper","description":"\u00a1Conoce la mini furgoneta camper modelo VOAMER producida por el principal fabricante de caravanas de Turqu\u00eda, SALY Caravan!","robots":{"index":"index","follow":"follow","max-snippet":"max-snippet:-1","max-image-preview":"max-image-preview:large","max-video-preview":"max-video-preview:-1"},"canonical":"https:\/\/www.saly.com.tr\/es\/modelos-de-furgoneta-camper\/voamer\/","og_locale":"es_ES","og_type":"article","og_title":"Voamer &#187; SALY Karavan","og_description":"Voamer SALY Karavan","og_url":"https:\/\/www.saly.com.tr\/es\/modelos-de-furgoneta-camper\/voamer\/","og_site_name":"SALY Karavan","article_publisher":"https:\/\/www.facebook.com\/salycaravan","article_modified_time":"2024-11-06T18:31:44+00:00","og_image":[{"width":2560,"height":1707,"url":"https:\/\/www.saly.com.tr\/wp-content\/uploads\/2024\/04\/VOAMER-VW-Transporter-Camper-Van-1-scaled.jpg","type":"image\/jpeg"}],"twitter_card":"summary_large_image","twitter_site":"@salycaravan","twitter_misc":{"Tiempo de lectura":"4 minutos"},"schema":{"@context":"https:\/\/schema.org","@graph":[{"@type":"WebPage","@id":"https:\/\/www.saly.com.tr\/es\/modelos-de-furgoneta-camper\/voamer\/","url":"https:\/\/www.saly.com.tr\/es\/modelos-de-furgoneta-camper\/voamer\/","name":"SALY Caravan &#187; VOAMER Furgoneta Camper","isPartOf":{"@id":"https:\/\/www.saly.com.tr\/es\/#website"},"primaryImageOfPage":{"@id":"https:\/\/www.saly.com.tr\/es\/modelos-de-furgoneta-camper\/voamer\/#primaryimage"},"image":{"@id":"https:\/\/www.saly.com.tr\/es\/modelos-de-furgoneta-camper\/voamer\/#primaryimage"},"thumbnailUrl":"https:\/\/www.saly.com.tr\/wp-content\/uploads\/2024\/04\/VOAMER-VW-Transporter-Camper-Van-1-scaled.jpg","datePublished":"2024-05-02T19:55:58+00:00","dateModified":"2024-11-06T18:31:44+00:00","description":"\u00a1Conoce la mini furgoneta camper modelo VOAMER producida por el principal fabricante de caravanas de Turqu\u00eda, SALY Caravan!","breadcrumb":{"@id":"https:\/\/www.saly.com.tr\/es\/modelos-de-furgoneta-camper\/voamer\/#breadcrumb"},"inLanguage":"es","potentialAction":[{"@type":"ReadAction","target":["https:\/\/www.saly.com.tr\/es\/modelos-de-furgoneta-camper\/voamer\/"]}]},{"@type":"ImageObject","inLanguage":"es","@id":"https:\/\/www.saly.com.tr\/es\/modelos-de-furgoneta-camper\/voamer\/#primaryimage","url":"https:\/\/www.saly.com.tr\/wp-content\/uploads\/2024\/04\/VOAMER-VW-Transporter-Camper-Van-1-scaled.jpg","contentUrl":"https:\/\/www.saly.com.tr\/wp-content\/uploads\/2024\/04\/VOAMER-VW-Transporter-Camper-Van-1-scaled.jpg","width":2560,"height":1707},{"@type":"BreadcrumbList","@id":"https:\/\/www.saly.com.tr\/es\/modelos-de-furgoneta-camper\/voamer\/#breadcrumb","itemListElement":[{"@type":"ListItem","position":1,"name":"Home","item":"https:\/\/www.saly.com.tr\/es\/pagina-de-inicio\/"},{"@type":"ListItem","position":2,"name":"Camper Van","item":"https:\/\/www.saly.com.tr\/es\/modelos-de-furgoneta-camper\/"},{"@type":"ListItem","position":3,"name":"Voamer"}]},{"@type":"WebSite","@id":"https:\/\/www.saly.com.tr\/es\/#website","url":"https:\/\/www.saly.com.tr\/es\/","name":"SALY Karavan","description":"Adresini Kendin Se\u00e7!","publisher":{"@id":"https:\/\/www.saly.com.tr\/es\/#organization"},"potentialAction":[{"@type":"SearchAction","target":{"@type":"EntryPoint","urlTemplate":"https:\/\/www.saly.com.tr\/es\/?s={search_term_string}"},"query-input":{"@type":"PropertyValueSpecification","valueRequired":true,"valueName":"search_term_string"}}],"inLanguage":"es"},{"@type":"Organization","@id":"https:\/\/www.saly.com.tr\/es\/#organization","name":"SALY Karavan","url":"https:\/\/www.saly.com.tr\/es\/","logo":{"@type":"ImageObject","inLanguage":"es","@id":"https:\/\/www.saly.com.tr\/es\/#\/schema\/logo\/image\/","url":"https:\/\/www.saly.com.tr\/wp-content\/uploads\/2024\/06\/saly-caravan-logo-web.png","contentUrl":"https:\/\/www.saly.com.tr\/wp-content\/uploads\/2024\/06\/saly-caravan-logo-web.png","width":200,"height":50,"caption":"SALY Karavan"},"image":{"@id":"https:\/\/www.saly.com.tr\/es\/#\/schema\/logo\/image\/"},"sameAs":["https:\/\/www.facebook.com\/salycaravan","https:\/\/x.com\/salycaravan","https:\/\/www.instagram.com\/salycaravan"],"email":"info@saly.com.tr","telephone":"+902643193050","legalName":"SALY Caravan","foundingDate":"1997-01-01","numberOfEmployees":{"@type":"QuantitativeValue","minValue":"51","maxValue":"200"}}]}},"_links":{"self":[{"href":"https:\/\/www.saly.com.tr\/es\/wp-json\/wp\/v2\/pages\/8430","targetHints":{"allow":["GET"]}}],"collection":[{"href":"https:\/\/www.saly.com.tr\/es\/wp-json\/wp\/v2\/pages"}],"about":[{"href":"https:\/\/www.saly.com.tr\/es\/wp-json\/wp\/v2\/types\/page"}],"author":[{"embeddable":true,"href":"https:\/\/www.saly.com.tr\/es\/wp-json\/wp\/v2\/users\/1"}],"replies":[{"embeddable":true,"href":"https:\/\/www.saly.com.tr\/es\/wp-json\/wp\/v2\/comments?post=8430"}],"version-history":[{"count":7,"href":"https:\/\/www.saly.com.tr\/es\/wp-json\/wp\/v2\/pages\/8430\/revisions"}],"predecessor-version":[{"id":9723,"href":"https:\/\/www.saly.com.tr\/es\/wp-json\/wp\/v2\/pages\/8430\/revisions\/9723"}],"up":[{"embeddable":true,"href":"https:\/\/www.saly.com.tr\/es\/wp-json\/wp\/v2\/pages\/7736"}],"wp:featuredmedia":[{"embeddable":true,"href":"https:\/\/www.saly.com.tr\/es\/wp-json\/wp\/v2\/media\/3448"}],"wp:attachment":[{"href":"https:\/\/www.saly.com.tr\/es\/wp-json\/wp\/v2\/media?parent=8430"}],"curies":[{"name":"wp","href":"https:\/\/api.w.org\/{rel}","templated":true}]}}